{"id":845,"date":"2024-03-14T17:36:07","date_gmt":"2024-03-14T16:36:07","guid":{"rendered":"https:\/\/aliis-formation.com\/?page_id=845"},"modified":"2024-07-10T15:35:20","modified_gmt":"2024-07-10T13:35:20","slug":"formation-incendie-evacuation","status":"publish","type":"page","link":"https:\/\/aliis-formation.com\/index.php\/formation-incendie-evacuation\/","title":{"rendered":"Formation Incendie Proc\u00e9dure d&rsquo;Evacuation"},"content":{"rendered":"\t\t<div data-elementor-type=\"wp-page\" data-elementor-id=\"845\" class=\"elementor elementor-845\">\n\t\t\t\t<div class=\"elementor-element elementor-element-4b17591 e-flex e-con-boxed e-con e-parent\" data-id=\"4b17591\" data-element_type=\"container\">\n\t\t\t\t\t<div class=\"e-con-inner\">\n\t\t<div class=\"elementor-element elementor-element-e1eeb9a e-con-full e-flex e-con e-child\" data-id=\"e1eeb9a\" data-element_type=\"container\">\n\t\t\t\t<div class=\"elementor-element elementor-element-6533c50 elementor-widget elementor-widget-image\" data-id=\"6533c50\" data-element_type=\"widget\" data-widget_type=\"image.default\">\n\t\t\t\t<div class=\"elementor-widget-container\">\n\t\t\t<style>\/*! elementor - v3.22.0 - 26-06-2024 *\/\n.elementor-widget-image{text-align:center}.elementor-widget-image a{display:inline-block}.elementor-widget-image a img[src$=\".svg\"]{width:48px}.elementor-widget-image img{vertical-align:middle;display:inline-block}<\/style>\t\t\t\t\t\t\t\t\t\t<img fetchpriority=\"high\" decoding=\"async\" width=\"1975\" height=\"1408\" src=\"https:\/\/aliis-formation.com\/wp-content\/uploads\/2024\/03\/pexels-possessed-photography-11028905-scaled-e1710493033713.jpg\" class=\"attachment-full size-full wp-image-883\" alt=\"Proc\u00e9dures d&#039;\u00e9vacuation incendie\" srcset=\"https:\/\/aliis-formation.com\/wp-content\/uploads\/2024\/03\/pexels-possessed-photography-11028905-scaled-e1710493033713.jpg 1975w, https:\/\/aliis-formation.com\/wp-content\/uploads\/2024\/03\/pexels-possessed-photography-11028905-scaled-e1710493033713-300x214.jpg 300w, https:\/\/aliis-formation.com\/wp-content\/uploads\/2024\/03\/pexels-possessed-photography-11028905-scaled-e1710493033713-1024x730.jpg 1024w, https:\/\/aliis-formation.com\/wp-content\/uploads\/2024\/03\/pexels-possessed-photography-11028905-scaled-e1710493033713-768x548.jpg 768w, https:\/\/aliis-formation.com\/wp-content\/uploads\/2024\/03\/pexels-possessed-photography-11028905-scaled-e1710493033713-1536x1095.jpg 1536w\" sizes=\"(max-width: 1975px) 100vw, 1975px\" \/>\t\t\t\t\t\t\t\t\t\t\t\t\t<\/div>\n\t\t\t\t<\/div>\n\t\t\t\t<\/div>\n\t\t<div class=\"elementor-element elementor-element-f8858ea e-con-full e-flex e-con e-child\" data-id=\"f8858ea\" data-element_type=\"container\">\n\t\t\t\t<div class=\"elementor-element elementor-element-442a1fa elementor-widget elementor-widget-heading\" data-id=\"442a1fa\" data-element_type=\"widget\" data-widget_type=\"heading.default\">\n\t\t\t\t<div class=\"elementor-widget-container\">\n\t\t\t<style>\/*! elementor - v3.22.0 - 26-06-2024 *\/\n.elementor-heading-title{padding:0;margin:0;line-height:1}.elementor-widget-heading .elementor-heading-title[class*=elementor-size-]>a{color:inherit;font-size:inherit;line-height:inherit}.elementor-widget-heading .elementor-heading-title.elementor-size-small{font-size:15px}.elementor-widget-heading .elementor-heading-title.elementor-size-medium{font-size:19px}.elementor-widget-heading .elementor-heading-title.elementor-size-large{font-size:29px}.elementor-widget-heading .elementor-heading-title.elementor-size-xl{font-size:39px}.elementor-widget-heading .elementor-heading-title.elementor-size-xxl{font-size:59px}<\/style><h2 class=\"elementor-heading-title elementor-size-default\">Formation Proc\u00e9dure d'\u00e9vacuation<\/h2>\t\t<\/div>\n\t\t\t\t<\/div>\n\t\t\t\t<div class=\"elementor-element elementor-element-abbe3a9 elementor-widget elementor-widget-heading\" data-id=\"abbe3a9\" data-element_type=\"widget\" data-widget_type=\"heading.default\">\n\t\t\t\t<div class=\"elementor-widget-container\">\n\t\t\t<h1 class=\"elementor-heading-title elementor-size-default\">Incendie<\/h1>\t\t<\/div>\n\t\t\t\t<\/div>\n\t\t\t\t<\/div>\n\t\t\t\t\t<\/div>\n\t\t\t\t<\/div>\n\t\t<div class=\"elementor-element elementor-element-09e9732 e-flex e-con-boxed e-con e-parent\" data-id=\"09e9732\" data-element_type=\"container\">\n\t\t\t\t\t<div class=\"e-con-inner\">\n\t\t\t\t<div class=\"elementor-element elementor-element-f1a12e4 elementor-widget elementor-widget-counter\" data-id=\"f1a12e4\" data-element_type=\"widget\" data-widget_type=\"counter.default\">\n\t\t\t\t<div class=\"elementor-widget-container\">\n\t\t\t<style>\/*! elementor - v3.22.0 - 26-06-2024 *\/\n.elementor-counter{display:flex;justify-content:center;align-items:stretch;flex-direction:column-reverse}.elementor-counter .elementor-counter-number{flex-grow:var(--counter-number-grow,0)}.elementor-counter .elementor-counter-number-wrapper{flex:1;display:flex;font-size:69px;font-weight:600;line-height:1;text-align:center}.elementor-counter .elementor-counter-number-prefix{text-align:end;flex-grow:var(--counter-prefix-grow,1);white-space:pre-wrap}.elementor-counter .elementor-counter-number-suffix{text-align:start;flex-grow:var(--counter-suffix-grow,1);white-space:pre-wrap}.elementor-counter .elementor-counter-title{flex:1;display:flex;justify-content:center;align-items:center;margin:0;padding:0;font-size:19px;font-weight:400;line-height:2.5}<\/style>\t\t<div class=\"elementor-counter\">\n\t\t\t<div class=\"elementor-counter-title\">TAUX DE SATISFACTION DES PARTICIPANTS (2024)<\/div>\t\t\t<div class=\"elementor-counter-number-wrapper\">\n\t\t\t\t<span class=\"elementor-counter-number-prefix\"><\/span>\n\t\t\t\t<span class=\"elementor-counter-number\" data-duration=\"1000\" data-to-value=\"96\" data-from-value=\"0\" data-delimiter=\",\">0<\/span>\n\t\t\t\t<span class=\"elementor-counter-number-suffix\">%<\/span>\n\t\t\t<\/div>\n\t\t<\/div>\n\t\t\t\t<\/div>\n\t\t\t\t<\/div>\n\t\t\t\t\t<\/div>\n\t\t\t\t<\/div>\n\t\t<div class=\"elementor-element elementor-element-e2eed19 e-flex e-con-boxed e-con e-parent\" data-id=\"e2eed19\" data-element_type=\"container\">\n\t\t\t\t\t<div class=\"e-con-inner\">\n\t\t<div class=\"elementor-element elementor-element-ac41b43 e-con-full e-flex e-con e-child\" data-id=\"ac41b43\" data-element_type=\"container\" data-settings=\"{&quot;background_background&quot;:&quot;classic&quot;}\">\n\t\t\t\t<div class=\"elementor-element elementor-element-4811546 elementor-widget elementor-widget-text-editor\" data-id=\"4811546\" data-element_type=\"widget\" data-widget_type=\"text-editor.default\">\n\t\t\t\t<div class=\"elementor-widget-container\">\n\t\t\t<style>\/*! elementor - v3.22.0 - 26-06-2024 *\/\n.elementor-widget-text-editor.elementor-drop-cap-view-stacked .elementor-drop-cap{background-color:#69727d;color:#fff}.elementor-widget-text-editor.elementor-drop-cap-view-framed .elementor-drop-cap{color:#69727d;border:3px solid;background-color:transparent}.elementor-widget-text-editor:not(.elementor-drop-cap-view-default) .elementor-drop-cap{margin-top:8px}.elementor-widget-text-editor:not(.elementor-drop-cap-view-default) .elementor-drop-cap-letter{width:1em;height:1em}.elementor-widget-text-editor .elementor-drop-cap{float:left;text-align:center;line-height:1;font-size:50px}.elementor-widget-text-editor .elementor-drop-cap-letter{display:inline-block}<\/style>\t\t\t\t<p><span style=\"text-decoration: underline;\"><strong>Public concern\u00e9<\/strong><\/span><br>&#8211; Charg\u00e9(e) de pr\u00e9vention et de s\u00e9curit\u00e9<br>&#8211; Personne nomm\u00e9e guide file et serre file au sein de l\u2019entreprise<br>&#8211; Tout salari\u00e9 souhaitant s\u2019initier \u00e0 l\u2019\u00e9vacuation.<\/p>\n<p><span style=\"text-decoration: underline;\"><strong>Pr\u00e9-requis<\/strong><\/span><br>Aucun<\/p>\n<p><span style=\"text-decoration: underline;\"><strong>Dur\u00e9e<\/strong><\/span><br>3h30 + 1h pour l\u2019exercice d\u2019\u00e9vacuation et le d\u00e9briefing (sur \u00bd journ\u00e9e).<\/p>\n<p><span style=\"text-decoration: underline;\"><strong>Validation<\/strong><\/span><br>&#8211; Evaluation de la formation continue par mise en situation<br>&#8211; Attestation individuelle de fin de formation mentionnant les comp\u00e9tences acquises<br>&#8211; Proc\u00e9dure d\u2019\u00e9vacuation r\u00e9dig\u00e9e et livr\u00e9e dans la semaine suivant la formation.<\/p>\n<p><span style=\"text-decoration: underline;\"><strong>Modalit\u00e9s et co\u00fbt de la formation<\/strong><\/span><br>&#8211; Formation non modulable (ne dispense qu&rsquo;un bloc de comp\u00e9tences)<br>&#8211; Formation accessible aux personnes \u00e0 mobilit\u00e9 r\u00e9duite et\/ou autres sp\u00e9cificit\u00e9s.<\/p>\n<p><span style=\"text-decoration: underline;\"><strong>Nos formateurs<\/strong><\/span><br>&#8211; Exp\u00e9riment\u00e9s en pr\u00e9vention incendie<\/p>\t\t\t\t\t\t<\/div>\n\t\t\t\t<\/div>\n\t\t\t\t<div class=\"elementor-element elementor-element-f678f14 elementor-align-center elementor-invisible elementor-widget elementor-widget-button\" data-id=\"f678f14\" data-element_type=\"widget\" data-settings=\"{&quot;_animation&quot;:&quot;fadeIn&quot;,&quot;_animation_delay&quot;:400}\" data-widget_type=\"button.default\">\n\t\t\t\t<div class=\"elementor-widget-container\">\n\t\t\t\t\t<div class=\"elementor-button-wrapper\">\n\t\t\t<a class=\"elementor-button elementor-button-link elementor-size-sm\" href=\"\/index.php\/contact\/\">\n\t\t\t\t\t\t<span class=\"elementor-button-content-wrapper\">\n\t\t\t\t\t\t\t\t\t<span class=\"elementor-button-text\">JE DEMANDE UN DEVIS<\/span>\n\t\t\t\t\t<\/span>\n\t\t\t\t\t<\/a>\n\t\t<\/div>\n\t\t\t\t<\/div>\n\t\t\t\t<\/div>\n\t\t\t\t<\/div>\n\t\t<div class=\"elementor-element elementor-element-329f7cf e-con-full e-flex e-con e-child\" data-id=\"329f7cf\" data-element_type=\"container\">\n\t\t\t\t<div class=\"elementor-element elementor-element-3cb1205 elementor-widget elementor-widget-text-editor\" data-id=\"3cb1205\" data-element_type=\"widget\" data-widget_type=\"text-editor.default\">\n\t\t\t\t<div class=\"elementor-widget-container\">\n\t\t\t\t\t\t\t<h4><strong>OBJECTIFS<\/strong><\/h4><ul><li>Etablir une proc\u00e9dure d\u2019\u00e9vacuation en prenant en compte les sp\u00e9cificit\u00e9s de l\u2019\u00e9tablissement ;<\/li><li>Permettre aux participants d\u2019\u00e9vacuer de leur \u00e9tablissement, sans panique ;<\/li><li>Conna\u00eetre le signal d\u2019alarme, les cheminements, la conduite \u00e0 tenir pour \u00e9vacuer<\/li><li>R\u00e9partir et conna\u00eetre les missions de chacun, les techniques et consignes d\u2019\u00e9vacuation.<\/li><\/ul><h4><strong><br \/>CONTENU<\/strong><\/h4><p><span style=\"text-decoration: underline;\">Partie th\u00e9orique<\/span><\/p><ul><li>D\u00e9finition des missions respectives et sp\u00e9cifiques de chacun (guide et serre file) ;<\/li><li>La pr\u00e9vention ;<\/li><li>La panique ;<\/li><li>Le sur-accident ;<\/li><li>Modalit\u00e9 de l\u2019alarme, de l\u2019alerte et de la mise en s\u00e9curit\u00e9 des personnes (des biens importants et\/ou des v\u00e9hicules) ;<\/li><li>Technique g\u00e9n\u00e9rale d\u2019\u00e9vacuation ;<\/li><li>Techniques d\u2019\u00e9vacuation sp\u00e9cifiques \u00e0 l\u2019\u00e9tablissement ;<\/li><li>Pr\u00e9cautions \u00e0 prendre lors d\u2019une \u00e9vacuation ;<\/li><li>Reconnaissance des itin\u00e9raires ;<\/li><li>Signalisation, balisage, consignes et plans de s\u00e9curit\u00e9 ;<\/li><li>Point de rassemblement ;<\/li><li>Visite de l\u2019\u00e9tablissement pour rep\u00e9rer les moyens d\u2019\u00e9vacuation.<\/li><\/ul><p><span style=\"text-decoration: underline;\"><br \/>Partie pratique<\/span><\/p><ul><li>Mise en situation d\u2019\u00e9tude de pr\u00e9vention sur site ;<\/li><li>Cas concrets et analyse des situations ;<\/li><li>Exercice r\u00e9el d\u2019\u00e9vacuation, (en milieu enfum\u00e9 si souhait\u00e9) ;<\/li><li>Synth\u00e8se, analyse et axes d\u2019am\u00e9lioration.<\/li><\/ul><h4><strong><br \/>M\u00c9THODES &amp; SUPPORTS P\u00c9DAGOGIQUES<\/strong><\/h4><ul><li>Alternance d&rsquo;apports th\u00e9oriques et exercices pratiques ;<\/li><li>Visite de l&rsquo;\u00e9tablissement et des organes de s\u00e9curit\u00e9 ;<\/li><li>Exercice d\u2019\u00e9vacuation avec g\u00e9n\u00e9rateur de fum\u00e9e si souhait\u00e9, suivi d\u2019un debriefing ;<\/li><li>Nos formateurs disposent de leur propre mat\u00e9riel p\u00e9dagogique n\u00e9cessaire \u00e0 cette formation (ordinateur portable, vid\u00e9o projecteur, g\u00e9n\u00e9rateurs de fum\u00e9e, brassard Guide et serre file, films, documents ressources\u2026).<\/li><\/ul>\t\t\t\t\t\t<\/div>\n\t\t\t\t<\/div>\n\t\t\t\t<\/div>\n\t\t\t\t\t<\/div>\n\t\t\t\t<\/div>\n\t\t\t\t<\/div>\n\t\t","protected":false},"excerpt":{"rendered":"<p>Formation Proc\u00e9dure d&rsquo;\u00e9vacuation Incendie TAUX DE SATISFACTION DES PARTICIPANTS (2024) 0 % Public concern\u00e9&#8211; Charg\u00e9(e) de pr\u00e9vention et de s\u00e9curit\u00e9&#8211; Personne nomm\u00e9e guide file et serre file au sein de l\u2019entreprise&#8211; Tout salari\u00e9 souhaitant s\u2019initier \u00e0 l\u2019\u00e9vacuation. Pr\u00e9-requisAucun Dur\u00e9e3h30 + 1h pour l\u2019exercice d\u2019\u00e9vacuation et le d\u00e9briefing (sur \u00bd journ\u00e9e). Validation&#8211; Evaluation de la formation [&hellip;]<\/p>\n","protected":false},"author":2,"featured_media":0,"parent":0,"menu_order":0,"comment_status":"closed","ping_status":"closed","template":"","meta":{"footnotes":""},"class_list":["post-845","page","type-page","status-publish","hentry"],"yoast_head":"<!-- This site is optimized with the Yoast SEO plugin v23.0 - https:\/\/yoast.com\/wordpress\/plugins\/seo\/ -->\n<title>Formation Incendie Proc\u00e9dure d&#039;Evacuation<\/title>\n<meta name=\"description\" content=\"Vous souhaitez former vos salari\u00e9s aux proc\u00e9dures d&#039;\u00e9vacuation ? Nous vous accompagnons dans les Pays de la Loire\" \/>\n<meta name=\"robots\" content=\"index, follow, max-snippet:-1, max-image-preview:large, max-video-preview:-1\" \/>\n<link rel=\"canonical\" href=\"https:\/\/aliis-formation.com\/index.php\/formation-incendie-evacuation\/\" \/>\n<meta property=\"og:locale\" content=\"fr_FR\" \/>\n<meta property=\"og:type\" content=\"article\" \/>\n<meta property=\"og:title\" content=\"Formation Incendie Proc\u00e9dure d&#039;Evacuation\" \/>\n<meta property=\"og:description\" content=\"Vous souhaitez former vos salari\u00e9s aux proc\u00e9dures d&#039;\u00e9vacuation ? Nous vous accompagnons dans les Pays de la Loire\" \/>\n<meta property=\"og:url\" content=\"https:\/\/aliis-formation.com\/index.php\/formation-incendie-evacuation\/\" \/>\n<meta property=\"og:site_name\" content=\"ALiiS formation\" \/>\n<meta property=\"article:modified_time\" content=\"2024-07-10T13:35:20+00:00\" \/>\n<meta property=\"og:image\" content=\"https:\/\/aliis-formation.com\/wp-content\/uploads\/2024\/03\/pexels-possessed-photography-11028905-scaled-e1710493033713.jpg\" \/>\n<meta name=\"twitter:card\" content=\"summary_large_image\" \/>\n<meta name=\"twitter:label1\" content=\"Dur\u00e9e de lecture estim\u00e9e\" \/>\n\t<meta name=\"twitter:data1\" content=\"2 minutes\" \/>\n<script type=\"application\/ld+json\" class=\"yoast-schema-graph\">{\"@context\":\"https:\/\/schema.org\",\"@graph\":[{\"@type\":\"WebPage\",\"@id\":\"https:\/\/aliis-formation.com\/index.php\/formation-incendie-evacuation\/\",\"url\":\"https:\/\/aliis-formation.com\/index.php\/formation-incendie-evacuation\/\",\"name\":\"Formation Incendie Proc\u00e9dure d'Evacuation\",\"isPartOf\":{\"@id\":\"https:\/\/aliis-formation.com\/#website\"},\"primaryImageOfPage\":{\"@id\":\"https:\/\/aliis-formation.com\/index.php\/formation-incendie-evacuation\/#primaryimage\"},\"image\":{\"@id\":\"https:\/\/aliis-formation.com\/index.php\/formation-incendie-evacuation\/#primaryimage\"},\"thumbnailUrl\":\"https:\/\/aliis-formation.com\/wp-content\/uploads\/2024\/03\/pexels-possessed-photography-11028905-scaled-e1710493033713.jpg\",\"datePublished\":\"2024-03-14T16:36:07+00:00\",\"dateModified\":\"2024-07-10T13:35:20+00:00\",\"description\":\"Vous souhaitez former vos salari\u00e9s aux proc\u00e9dures d'\u00e9vacuation ? Nous vous accompagnons dans les Pays de la Loire\",\"breadcrumb\":{\"@id\":\"https:\/\/aliis-formation.com\/index.php\/formation-incendie-evacuation\/#breadcrumb\"},\"inLanguage\":\"fr-FR\",\"potentialAction\":[{\"@type\":\"ReadAction\",\"target\":[\"https:\/\/aliis-formation.com\/index.php\/formation-incendie-evacuation\/\"]}]},{\"@type\":\"ImageObject\",\"inLanguage\":\"fr-FR\",\"@id\":\"https:\/\/aliis-formation.com\/index.php\/formation-incendie-evacuation\/#primaryimage\",\"url\":\"https:\/\/aliis-formation.com\/wp-content\/uploads\/2024\/03\/pexels-possessed-photography-11028905-scaled-e1710493033713.jpg\",\"contentUrl\":\"https:\/\/aliis-formation.com\/wp-content\/uploads\/2024\/03\/pexels-possessed-photography-11028905-scaled-e1710493033713.jpg\",\"width\":1975,\"height\":1408,\"caption\":\"Proc\u00e9dures d'\u00e9vacuation incendie\"},{\"@type\":\"BreadcrumbList\",\"@id\":\"https:\/\/aliis-formation.com\/index.php\/formation-incendie-evacuation\/#breadcrumb\",\"itemListElement\":[{\"@type\":\"ListItem\",\"position\":1,\"name\":\"Accueil\",\"item\":\"https:\/\/aliis-formation.com\/\"},{\"@type\":\"ListItem\",\"position\":2,\"name\":\"Formation Incendie Proc\u00e9dure d&rsquo;Evacuation\"}]},{\"@type\":\"WebSite\",\"@id\":\"https:\/\/aliis-formation.com\/#website\",\"url\":\"https:\/\/aliis-formation.com\/\",\"name\":\"ALiiS formation\",\"description\":\"\",\"publisher\":{\"@id\":\"https:\/\/aliis-formation.com\/#organization\"},\"potentialAction\":[{\"@type\":\"SearchAction\",\"target\":{\"@type\":\"EntryPoint\",\"urlTemplate\":\"https:\/\/aliis-formation.com\/?s={search_term_string}\"},\"query-input\":\"required name=search_term_string\"}],\"inLanguage\":\"fr-FR\"},{\"@type\":\"Organization\",\"@id\":\"https:\/\/aliis-formation.com\/#organization\",\"name\":\"ALiiS formation\",\"url\":\"https:\/\/aliis-formation.com\/\",\"logo\":{\"@type\":\"ImageObject\",\"inLanguage\":\"fr-FR\",\"@id\":\"https:\/\/aliis-formation.com\/#\/schema\/logo\/image\/\",\"url\":\"https:\/\/aliis-formation.com\/wp-content\/uploads\/2023\/12\/LOGO-PORTRAIT-COULEUR-FOND-TRANSPARENT.svg\",\"contentUrl\":\"https:\/\/aliis-formation.com\/wp-content\/uploads\/2023\/12\/LOGO-PORTRAIT-COULEUR-FOND-TRANSPARENT.svg\",\"width\":4251,\"height\":1241,\"caption\":\"ALiiS formation\"},\"image\":{\"@id\":\"https:\/\/aliis-formation.com\/#\/schema\/logo\/image\/\"}}]}<\/script>\n<!-- \/ Yoast SEO plugin. -->","yoast_head_json":{"title":"Formation Incendie Proc\u00e9dure d'Evacuation","description":"Vous souhaitez former vos salari\u00e9s aux proc\u00e9dures d'\u00e9vacuation ? Nous vous accompagnons dans les Pays de la Loire","robots":{"index":"index","follow":"follow","max-snippet":"max-snippet:-1","max-image-preview":"max-image-preview:large","max-video-preview":"max-video-preview:-1"},"canonical":"https:\/\/aliis-formation.com\/index.php\/formation-incendie-evacuation\/","og_locale":"fr_FR","og_type":"article","og_title":"Formation Incendie Proc\u00e9dure d'Evacuation","og_description":"Vous souhaitez former vos salari\u00e9s aux proc\u00e9dures d'\u00e9vacuation ? Nous vous accompagnons dans les Pays de la Loire","og_url":"https:\/\/aliis-formation.com\/index.php\/formation-incendie-evacuation\/","og_site_name":"ALiiS formation","article_modified_time":"2024-07-10T13:35:20+00:00","og_image":[{"url":"https:\/\/aliis-formation.com\/wp-content\/uploads\/2024\/03\/pexels-possessed-photography-11028905-scaled-e1710493033713.jpg"}],"twitter_card":"summary_large_image","twitter_misc":{"Dur\u00e9e de lecture estim\u00e9e":"2 minutes"},"schema":{"@context":"https:\/\/schema.org","@graph":[{"@type":"WebPage","@id":"https:\/\/aliis-formation.com\/index.php\/formation-incendie-evacuation\/","url":"https:\/\/aliis-formation.com\/index.php\/formation-incendie-evacuation\/","name":"Formation Incendie Proc\u00e9dure d'Evacuation","isPartOf":{"@id":"https:\/\/aliis-formation.com\/#website"},"primaryImageOfPage":{"@id":"https:\/\/aliis-formation.com\/index.php\/formation-incendie-evacuation\/#primaryimage"},"image":{"@id":"https:\/\/aliis-formation.com\/index.php\/formation-incendie-evacuation\/#primaryimage"},"thumbnailUrl":"https:\/\/aliis-formation.com\/wp-content\/uploads\/2024\/03\/pexels-possessed-photography-11028905-scaled-e1710493033713.jpg","datePublished":"2024-03-14T16:36:07+00:00","dateModified":"2024-07-10T13:35:20+00:00","description":"Vous souhaitez former vos salari\u00e9s aux proc\u00e9dures d'\u00e9vacuation ? Nous vous accompagnons dans les Pays de la Loire","breadcrumb":{"@id":"https:\/\/aliis-formation.com\/index.php\/formation-incendie-evacuation\/#breadcrumb"},"inLanguage":"fr-FR","potentialAction":[{"@type":"ReadAction","target":["https:\/\/aliis-formation.com\/index.php\/formation-incendie-evacuation\/"]}]},{"@type":"ImageObject","inLanguage":"fr-FR","@id":"https:\/\/aliis-formation.com\/index.php\/formation-incendie-evacuation\/#primaryimage","url":"https:\/\/aliis-formation.com\/wp-content\/uploads\/2024\/03\/pexels-possessed-photography-11028905-scaled-e1710493033713.jpg","contentUrl":"https:\/\/aliis-formation.com\/wp-content\/uploads\/2024\/03\/pexels-possessed-photography-11028905-scaled-e1710493033713.jpg","width":1975,"height":1408,"caption":"Proc\u00e9dures d'\u00e9vacuation incendie"},{"@type":"BreadcrumbList","@id":"https:\/\/aliis-formation.com\/index.php\/formation-incendie-evacuation\/#breadcrumb","itemListElement":[{"@type":"ListItem","position":1,"name":"Accueil","item":"https:\/\/aliis-formation.com\/"},{"@type":"ListItem","position":2,"name":"Formation Incendie Proc\u00e9dure d&rsquo;Evacuation"}]},{"@type":"WebSite","@id":"https:\/\/aliis-formation.com\/#website","url":"https:\/\/aliis-formation.com\/","name":"ALiiS formation","description":"","publisher":{"@id":"https:\/\/aliis-formation.com\/#organization"},"potentialAction":[{"@type":"SearchAction","target":{"@type":"EntryPoint","urlTemplate":"https:\/\/aliis-formation.com\/?s={search_term_string}"},"query-input":"required name=search_term_string"}],"inLanguage":"fr-FR"},{"@type":"Organization","@id":"https:\/\/aliis-formation.com\/#organization","name":"ALiiS formation","url":"https:\/\/aliis-formation.com\/","logo":{"@type":"ImageObject","inLanguage":"fr-FR","@id":"https:\/\/aliis-formation.com\/#\/schema\/logo\/image\/","url":"https:\/\/aliis-formation.com\/wp-content\/uploads\/2023\/12\/LOGO-PORTRAIT-COULEUR-FOND-TRANSPARENT.svg","contentUrl":"https:\/\/aliis-formation.com\/wp-content\/uploads\/2023\/12\/LOGO-PORTRAIT-COULEUR-FOND-TRANSPARENT.svg","width":4251,"height":1241,"caption":"ALiiS formation"},"image":{"@id":"https:\/\/aliis-formation.com\/#\/schema\/logo\/image\/"}}]}},"_links":{"self":[{"href":"https:\/\/aliis-formation.com\/index.php\/wp-json\/wp\/v2\/pages\/845","targetHints":{"allow":["GET"]}}],"collection":[{"href":"https:\/\/aliis-formation.com\/index.php\/wp-json\/wp\/v2\/pages"}],"about":[{"href":"https:\/\/aliis-formation.com\/index.php\/wp-json\/wp\/v2\/types\/page"}],"author":[{"embeddable":true,"href":"https:\/\/aliis-formation.com\/index.php\/wp-json\/wp\/v2\/users\/2"}],"replies":[{"embeddable":true,"href":"https:\/\/aliis-formation.com\/index.php\/wp-json\/wp\/v2\/comments?post=845"}],"version-history":[{"count":47,"href":"https:\/\/aliis-formation.com\/index.php\/wp-json\/wp\/v2\/pages\/845\/revisions"}],"predecessor-version":[{"id":1687,"href":"https:\/\/aliis-formation.com\/index.php\/wp-json\/wp\/v2\/pages\/845\/revisions\/1687"}],"wp:attachment":[{"href":"https:\/\/aliis-formation.com\/index.php\/wp-json\/wp\/v2\/media?parent=845"}],"curies":[{"name":"wp","href":"https:\/\/api.w.org\/{rel}","templated":true}]}}