{"id":69,"date":"2023-11-27T19:46:52","date_gmt":"2023-11-27T18:46:52","guid":{"rendered":"http:\/\/aliisfs.cluster030.hosting.ovh.net\/?page_id=69"},"modified":"2024-06-28T16:30:17","modified_gmt":"2024-06-28T14:30:17","slug":"financement-prevention-risques-professionnels","status":"publish","type":"page","link":"https:\/\/aliis-formation.com\/index.php\/financement-prevention-risques-professionnels\/","title":{"rendered":"Financement"},"content":{"rendered":"\t\t<div data-elementor-type=\"wp-page\" data-elementor-id=\"69\" class=\"elementor elementor-69\">\n\t\t\t\t<div class=\"elementor-element elementor-element-712591e e-flex e-con-boxed e-con e-parent\" data-id=\"712591e\" data-element_type=\"container\" data-settings=\"{&quot;background_background&quot;:&quot;classic&quot;}\">\n\t\t\t\t\t<div class=\"e-con-inner\">\n\t\t<div class=\"elementor-element elementor-element-47ec9b2 e-con-full e-flex e-con e-child\" data-id=\"47ec9b2\" data-element_type=\"container\">\n\t\t\t\t<div class=\"elementor-element elementor-element-8610d96 elementor-invisible elementor-widget elementor-widget-heading\" data-id=\"8610d96\" data-element_type=\"widget\" data-settings=\"{&quot;_animation&quot;:&quot;fadeIn&quot;}\" data-widget_type=\"heading.default\">\n\t\t\t\t<div class=\"elementor-widget-container\">\n\t\t\t<style>\/*! elementor - v3.22.0 - 26-06-2024 *\/\n.elementor-heading-title{padding:0;margin:0;line-height:1}.elementor-widget-heading .elementor-heading-title[class*=elementor-size-]>a{color:inherit;font-size:inherit;line-height:inherit}.elementor-widget-heading .elementor-heading-title.elementor-size-small{font-size:15px}.elementor-widget-heading .elementor-heading-title.elementor-size-medium{font-size:19px}.elementor-widget-heading .elementor-heading-title.elementor-size-large{font-size:29px}.elementor-widget-heading .elementor-heading-title.elementor-size-xl{font-size:39px}.elementor-widget-heading .elementor-heading-title.elementor-size-xxl{font-size:59px}<\/style><h1 class=\"elementor-heading-title elementor-size-default\">Financer ma formation<\/h1>\t\t<\/div>\n\t\t\t\t<\/div>\n\t\t\t\t<div class=\"elementor-element elementor-element-5c2a140 elementor-invisible elementor-widget elementor-widget-heading\" data-id=\"5c2a140\" data-element_type=\"widget\" data-settings=\"{&quot;_animation&quot;:&quot;fadeIn&quot;}\" data-widget_type=\"heading.default\">\n\t\t\t\t<div class=\"elementor-widget-container\">\n\t\t\t<h2 class=\"elementor-heading-title elementor-size-default\">gr\u00e2ce aux Op\u00e9rateurs de Comp\u00e9tences (OPCO)<\/h2>\t\t<\/div>\n\t\t\t\t<\/div>\n\t\t\t\t<\/div>\n\t\t\t\t\t<\/div>\n\t\t\t\t<\/div>\n\t\t<div class=\"elementor-element elementor-element-cfc9660 e-flex e-con-boxed e-con e-parent\" data-id=\"cfc9660\" data-element_type=\"container\">\n\t\t\t\t\t<div class=\"e-con-inner\">\n\t\t<div class=\"elementor-element elementor-element-d2bd38f e-con-full e-flex e-con e-child\" data-id=\"d2bd38f\" data-element_type=\"container\">\n\t\t<div class=\"elementor-element elementor-element-3fd0b76 e-con-full e-flex e-con e-child\" data-id=\"3fd0b76\" data-element_type=\"container\">\n\t\t\t\t<div class=\"elementor-element elementor-element-31c96db elementor-widget elementor-widget-heading\" data-id=\"31c96db\" data-element_type=\"widget\" data-widget_type=\"heading.default\">\n\t\t\t\t<div class=\"elementor-widget-container\">\n\t\t\t<h3 class=\"elementor-heading-title elementor-size-default\">Le principe de ce financement<\/h3>\t\t<\/div>\n\t\t\t\t<\/div>\n\t\t\t\t<div class=\"elementor-element elementor-element-f4fa602 elementor-widget elementor-widget-text-editor\" data-id=\"f4fa602\" data-element_type=\"widget\" data-widget_type=\"text-editor.default\">\n\t\t\t\t<div class=\"elementor-widget-container\">\n\t\t\t<style>\/*! elementor - v3.22.0 - 26-06-2024 *\/\n.elementor-widget-text-editor.elementor-drop-cap-view-stacked .elementor-drop-cap{background-color:#69727d;color:#fff}.elementor-widget-text-editor.elementor-drop-cap-view-framed .elementor-drop-cap{color:#69727d;border:3px solid;background-color:transparent}.elementor-widget-text-editor:not(.elementor-drop-cap-view-default) .elementor-drop-cap{margin-top:8px}.elementor-widget-text-editor:not(.elementor-drop-cap-view-default) .elementor-drop-cap-letter{width:1em;height:1em}.elementor-widget-text-editor .elementor-drop-cap{float:left;text-align:center;line-height:1;font-size:50px}.elementor-widget-text-editor .elementor-drop-cap-letter{display:inline-block}<\/style>\t\t\t\t<p>Les OPCO jouent un r\u00f4le essentiel dans le financement des formations obligatoires en pr\u00e9vention des risques professionnels.<\/p><p><span data-sheets-formula-bar-text-style=\"font-size:13px;color:#000000;font-weight:normal;text-decoration:none;font-family:'docs-Imprima';font-style:normal;text-decoration-skip-ink:none;\"><strong>Comment en b\u00e9n\u00e9ficier ?<\/strong> <br \/><\/span><span data-sheets-formula-bar-text-style=\"font-size:13px;color:#000000;font-weight:normal;text-decoration:none;font-family:'docs-Imprima';font-style:normal;text-decoration-skip-ink:none;\">Il est essentiel de suivre un processus structur\u00e9 de demande de financement des formations \u00e0 destination de vos salari\u00e9s. Voici les \u00e9tapes :<\/span><\/p><ol><li><span data-sheets-formula-bar-text-style=\"font-size:13px;color:#000000;font-weight:normal;text-decoration:none;font-family:'docs-Imprima';font-style:normal;text-decoration-skip-ink:none;\">Identifiez l&rsquo;OPCO correspondant \u00e0 votre secteur d&rsquo;activit\u00e9 ou \u00e0 votre convention collective. Cette \u00e9tape est primordiale pour s&rsquo;assurer que votre demande de financement sera adress\u00e9e \u00e0 l&rsquo;organisme comp\u00e9tent. <\/span><\/li><li><span data-sheets-formula-bar-text-style=\"font-size:13px;color:#000000;font-weight:normal;text-decoration:none;font-family:'docs-Imprima';font-style:normal;text-decoration-skip-ink:none;\">D\u00e9finissez vos besoins en formation (avec ALiiS, c&rsquo;est mieux). Cela comprend l&rsquo;identification des risques sp\u00e9cifiques \u00e0 votre secteur et l&rsquo;\u00e9laboration d&rsquo;un plan de formation qui r\u00e9pond aux exigences r\u00e9glementaires en mati\u00e8re de s\u00e9curit\u00e9 et de sant\u00e9 au travail. <\/span><\/li><li><span data-sheets-formula-bar-text-style=\"font-size:13px;color:#000000;font-weight:normal;text-decoration:none;font-family:'docs-Imprima';font-style:normal;text-decoration-skip-ink:none;\">Pr\u00e9sentez votre projet de formation \u00e0 l&rsquo;OPCO pour obtenir le financement. Il est crucial de d\u00e9montrer l&rsquo;ad\u00e9quation de la formation avec les besoins identifi\u00e9s et les b\u00e9n\u00e9fices attendus en termes d&rsquo;am\u00e9lioration de la s\u00e9curit\u00e9 sur le lieu de travail&#8230; \u00e9videmment, vous pouvez aussi compter sur nous pour vous \u00e9pauler \u00e0 cette \u00e9tape !<\/span><\/li><\/ol>\t\t\t\t\t\t<\/div>\n\t\t\t\t<\/div>\n\t\t\t\t<\/div>\n\t\t<div class=\"elementor-element elementor-element-3ccffff e-con-full e-flex e-con e-child\" data-id=\"3ccffff\" data-element_type=\"container\" data-settings=\"{&quot;background_background&quot;:&quot;classic&quot;}\">\n\t\t\t\t<div class=\"elementor-element elementor-element-b9b1b0e elementor-widget__width-initial elementor-widget elementor-widget-image\" data-id=\"b9b1b0e\" data-element_type=\"widget\" data-widget_type=\"image.default\">\n\t\t\t\t<div class=\"elementor-widget-container\">\n\t\t\t<style>\/*! elementor - v3.22.0 - 26-06-2024 *\/\n.elementor-widget-image{text-align:center}.elementor-widget-image a{display:inline-block}.elementor-widget-image a img[src$=\".svg\"]{width:48px}.elementor-widget-image img{vertical-align:middle;display:inline-block}<\/style>\t\t\t\t\t\t\t\t\t\t<img fetchpriority=\"high\" decoding=\"async\" width=\"1706\" height=\"2560\" src=\"https:\/\/aliis-formation.com\/wp-content\/uploads\/2024\/03\/pexels-ryutaro-tsukata-6249385-scaled.jpg\" class=\"attachment-full size-full wp-image-1031\" alt=\"Comment remplir un dossier de financement, \u00e0 quelles subventions ai-je le droit... ALiiS vous accompagne dans vos d\u00e9marches\" srcset=\"https:\/\/aliis-formation.com\/wp-content\/uploads\/2024\/03\/pexels-ryutaro-tsukata-6249385-scaled.jpg 1706w, https:\/\/aliis-formation.com\/wp-content\/uploads\/2024\/03\/pexels-ryutaro-tsukata-6249385-200x300.jpg 200w, https:\/\/aliis-formation.com\/wp-content\/uploads\/2024\/03\/pexels-ryutaro-tsukata-6249385-683x1024.jpg 683w, https:\/\/aliis-formation.com\/wp-content\/uploads\/2024\/03\/pexels-ryutaro-tsukata-6249385-768x1152.jpg 768w, https:\/\/aliis-formation.com\/wp-content\/uploads\/2024\/03\/pexels-ryutaro-tsukata-6249385-1024x1536.jpg 1024w, https:\/\/aliis-formation.com\/wp-content\/uploads\/2024\/03\/pexels-ryutaro-tsukata-6249385-1365x2048.jpg 1365w\" sizes=\"(max-width: 1706px) 100vw, 1706px\" \/>\t\t\t\t\t\t\t\t\t\t\t\t\t<\/div>\n\t\t\t\t<\/div>\n\t\t\t\t<div class=\"elementor-element elementor-element-88f6801 elementor-widget elementor-widget-image\" data-id=\"88f6801\" data-element_type=\"widget\" data-widget_type=\"image.default\">\n\t\t\t\t<div class=\"elementor-widget-container\">\n\t\t\t\t\t\t\t\t\t\t\t\t\t<img decoding=\"async\" width=\"1707\" height=\"2560\" src=\"https:\/\/aliis-formation.com\/wp-content\/uploads\/2024\/03\/pexels-cottonbro-studio-3943723-scaled.jpg\" class=\"attachment-full size-full wp-image-1055\" alt=\"Le financement de ma formation par les OPCO, comment \u00e7a se passe ?\" srcset=\"https:\/\/aliis-formation.com\/wp-content\/uploads\/2024\/03\/pexels-cottonbro-studio-3943723-scaled.jpg 1707w, https:\/\/aliis-formation.com\/wp-content\/uploads\/2024\/03\/pexels-cottonbro-studio-3943723-200x300.jpg 200w, https:\/\/aliis-formation.com\/wp-content\/uploads\/2024\/03\/pexels-cottonbro-studio-3943723-683x1024.jpg 683w, https:\/\/aliis-formation.com\/wp-content\/uploads\/2024\/03\/pexels-cottonbro-studio-3943723-768x1152.jpg 768w, https:\/\/aliis-formation.com\/wp-content\/uploads\/2024\/03\/pexels-cottonbro-studio-3943723-1024x1536.jpg 1024w, https:\/\/aliis-formation.com\/wp-content\/uploads\/2024\/03\/pexels-cottonbro-studio-3943723-1365x2048.jpg 1365w\" sizes=\"(max-width: 1707px) 100vw, 1707px\" \/>\t\t\t\t\t\t\t\t\t\t\t\t\t<\/div>\n\t\t\t\t<\/div>\n\t\t\t\t<\/div>\n\t\t\t\t<\/div>\n\t\t\t\t\t<\/div>\n\t\t\t\t<\/div>\n\t\t<div class=\"elementor-element elementor-element-c138501 e-flex e-con-boxed e-con e-parent\" data-id=\"c138501\" data-element_type=\"container\">\n\t\t\t\t\t<div class=\"e-con-inner\">\n\t\t\t\t<div class=\"elementor-element elementor-element-b885d2b elementor-align-center elementor-invisible elementor-widget elementor-widget-button\" data-id=\"b885d2b\" data-element_type=\"widget\" data-settings=\"{&quot;_animation&quot;:&quot;fadeIn&quot;,&quot;_animation_delay&quot;:400}\" data-widget_type=\"button.default\">\n\t\t\t\t<div class=\"elementor-widget-container\">\n\t\t\t\t\t<div class=\"elementor-button-wrapper\">\n\t\t\t<a class=\"elementor-button elementor-button-link elementor-size-sm\" href=\"https:\/\/travail-emploi.gouv.fr\/ministere\/acteurs\/partenaires\/opco#opco-liste\">\n\t\t\t\t\t\t<span class=\"elementor-button-content-wrapper\">\n\t\t\t\t\t\t\t\t\t<span class=\"elementor-button-text\">CONSULTER la liste  des op\u00e9rateurs opco<\/span>\n\t\t\t\t\t<\/span>\n\t\t\t\t\t<\/a>\n\t\t<\/div>\n\t\t\t\t<\/div>\n\t\t\t\t<\/div>\n\t\t\t\t\t<\/div>\n\t\t\t\t<\/div>\n\t\t<div class=\"elementor-element elementor-element-d9ddee0 e-flex e-con-boxed e-con e-parent\" data-id=\"d9ddee0\" data-element_type=\"container\">\n\t\t\t\t\t<div class=\"e-con-inner\">\n\t\t<div class=\"elementor-element elementor-element-c191c5a e-con-full e-flex e-con e-child\" data-id=\"c191c5a\" data-element_type=\"container\" data-settings=\"{&quot;background_background&quot;:&quot;classic&quot;}\">\n\t\t\t\t<div class=\"elementor-element elementor-element-14ac761 elementor-widget elementor-widget-heading\" data-id=\"14ac761\" data-element_type=\"widget\" data-widget_type=\"heading.default\">\n\t\t\t\t<div class=\"elementor-widget-container\">\n\t\t\t<h3 class=\"elementor-heading-title elementor-size-default\">Les avantages du financement par l'OPCO<\/h3>\t\t<\/div>\n\t\t\t\t<\/div>\n\t\t\t\t<div class=\"elementor-element elementor-element-2f81d18 elementor-widget elementor-widget-text-editor\" data-id=\"2f81d18\" data-element_type=\"widget\" data-widget_type=\"text-editor.default\">\n\t\t\t\t<div class=\"elementor-widget-container\">\n\t\t\t\t\t\t\t<p><span data-sheets-formula-bar-text-style=\"font-size:13px;color:#000000;font-weight:normal;text-decoration:none;font-family:'docs-Imprima';font-style:normal;text-decoration-skip-ink:none;\">Le financement des formations en pr\u00e9vention des risques professionnels par les OPCO offre de multiples avantages pour les entreprises et leurs salari\u00e9s.<\/span><\/p>\t\t\t\t\t\t<\/div>\n\t\t\t\t<\/div>\n\t\t\t\t<\/div>\n\t\t<div class=\"elementor-element elementor-element-57d164d e-con-full e-flex e-con e-child\" data-id=\"57d164d\" data-element_type=\"container\">\n\t\t\t\t<div class=\"elementor-element elementor-element-b2b0b1e elementor-position-left elementor-vertical-align-middle elementor-view-default elementor-mobile-position-top elementor-widget elementor-widget-icon-box\" data-id=\"b2b0b1e\" data-element_type=\"widget\" data-widget_type=\"icon-box.default\">\n\t\t\t\t<div class=\"elementor-widget-container\">\n\t\t\t<link rel=\"stylesheet\" href=\"https:\/\/aliis-formation.com\/wp-content\/plugins\/elementor\/assets\/css\/widget-icon-box.min.css\">\t\t<div class=\"elementor-icon-box-wrapper\">\n\n\t\t\t\t\t\t<div class=\"elementor-icon-box-icon\">\n\t\t\t\t<span  class=\"elementor-icon elementor-animation-\">\n\t\t\t\t<svg aria-hidden=\"true\" class=\"e-font-icon-svg e-fas-arrow-alt-circle-right\" viewBox=\"0 0 512 512\" xmlns=\"http:\/\/www.w3.org\/2000\/svg\"><path d=\"M256 8c137 0 248 111 248 248S393 504 256 504 8 393 8 256 119 8 256 8zM140 300h116v70.9c0 10.7 13 16.1 20.5 8.5l114.3-114.9c4.7-4.7 4.7-12.2 0-16.9l-114.3-115c-7.6-7.6-20.5-2.2-20.5 8.5V212H140c-6.6 0-12 5.4-12 12v64c0 6.6 5.4 12 12 12z\"><\/path><\/svg>\t\t\t\t<\/span>\n\t\t\t<\/div>\n\t\t\t\n\t\t\t\t\t\t<div class=\"elementor-icon-box-content\">\n\n\t\t\t\t\t\t\t\t\t<h3 class=\"elementor-icon-box-title\">\n\t\t\t\t\t\t<span  >\n\t\t\t\t\t\t\tAcc\u00e8s \u00e9largi \u00e0 la formation\t\t\t\t\t\t<\/span>\n\t\t\t\t\t<\/h3>\n\t\t\t\t\n\t\t\t\t\t\t\t\t\t<p class=\"elementor-icon-box-description\">\n\t\t\t\t\t\tGr\u00e2ce au financement des OPCO, un plus grand nombre de vos salari\u00e9s peut acc\u00e9der \u00e0 des formations essentielles en mati\u00e8re de s\u00e9curit\u00e9, renfor\u00e7ant ainsi la culture de pr\u00e9vention au sein de votre entreprise.\t\t\t\t\t<\/p>\n\t\t\t\t\n\t\t\t<\/div>\n\t\t\t\n\t\t<\/div>\n\t\t\t\t<\/div>\n\t\t\t\t<\/div>\n\t\t\t\t<div class=\"elementor-element elementor-element-14a249c elementor-position-left elementor-vertical-align-middle elementor-view-default elementor-mobile-position-top elementor-widget elementor-widget-icon-box\" data-id=\"14a249c\" data-element_type=\"widget\" data-widget_type=\"icon-box.default\">\n\t\t\t\t<div class=\"elementor-widget-container\">\n\t\t\t\t\t<div class=\"elementor-icon-box-wrapper\">\n\n\t\t\t\t\t\t<div class=\"elementor-icon-box-icon\">\n\t\t\t\t<span  class=\"elementor-icon elementor-animation-\">\n\t\t\t\t<svg aria-hidden=\"true\" class=\"e-font-icon-svg e-fas-arrow-alt-circle-right\" viewBox=\"0 0 512 512\" xmlns=\"http:\/\/www.w3.org\/2000\/svg\"><path d=\"M256 8c137 0 248 111 248 248S393 504 256 504 8 393 8 256 119 8 256 8zM140 300h116v70.9c0 10.7 13 16.1 20.5 8.5l114.3-114.9c4.7-4.7 4.7-12.2 0-16.9l-114.3-115c-7.6-7.6-20.5-2.2-20.5 8.5V212H140c-6.6 0-12 5.4-12 12v64c0 6.6 5.4 12 12 12z\"><\/path><\/svg>\t\t\t\t<\/span>\n\t\t\t<\/div>\n\t\t\t\n\t\t\t\t\t\t<div class=\"elementor-icon-box-content\">\n\n\t\t\t\t\t\t\t\t\t<h3 class=\"elementor-icon-box-title\">\n\t\t\t\t\t\t<span  >\n\t\t\t\t\t\t\tAdaptation aux \u00e9volutions du secteur\t\t\t\t\t\t<\/span>\n\t\t\t\t\t<\/h3>\n\t\t\t\t\n\t\t\t\t\t\t\t\t\t<p class=\"elementor-icon-box-description\">\n\t\t\t\t\t\tLes OPCO vous aident \u00e0 anticiper les \u00e9volutions r\u00e9glementaires et techniques en mati\u00e8re de s\u00e9curit\u00e9 et de sant\u00e9 au travail. Cet accompagnement est crucial pour maintenir une forte comp\u00e9titivit\u00e9 tout en assurant un environnement de travail s\u00e9curis\u00e9.\t\t\t\t\t<\/p>\n\t\t\t\t\n\t\t\t<\/div>\n\t\t\t\n\t\t<\/div>\n\t\t\t\t<\/div>\n\t\t\t\t<\/div>\n\t\t\t\t<\/div>\n\t\t\t\t\t<\/div>\n\t\t\t\t<\/div>\n\t\t<div class=\"elementor-element elementor-element-ea6cbeb e-flex e-con-boxed e-con e-parent\" data-id=\"ea6cbeb\" data-element_type=\"container\">\n\t\t\t\t\t<div class=\"e-con-inner\">\n\t\t\t\t<div class=\"elementor-element elementor-element-9aec5d6 elementor-align-center elementor-invisible elementor-widget elementor-widget-button\" data-id=\"9aec5d6\" data-element_type=\"widget\" data-settings=\"{&quot;_animation&quot;:&quot;fadeIn&quot;,&quot;_animation_delay&quot;:400}\" data-widget_type=\"button.default\">\n\t\t\t\t<div class=\"elementor-widget-container\">\n\t\t\t\t\t<div class=\"elementor-button-wrapper\">\n\t\t\t<a class=\"elementor-button elementor-button-link elementor-size-sm\" href=\"\/index.php\/contact\">\n\t\t\t\t\t\t<span class=\"elementor-button-content-wrapper\">\n\t\t\t\t\t\t\t\t\t<span class=\"elementor-button-text\">JE CHOISIS LE DUO GAGNANT ALiiS + OPCO<\/span>\n\t\t\t\t\t<\/span>\n\t\t\t\t\t<\/a>\n\t\t<\/div>\n\t\t\t\t<\/div>\n\t\t\t\t<\/div>\n\t\t\t\t\t<\/div>\n\t\t\t\t<\/div>\n\t\t\t\t<\/div>\n\t\t","protected":false},"excerpt":{"rendered":"<p>Financer ma formation gr\u00e2ce aux OPCO, c&rsquo;est simplifier la pr\u00e9vention des risques professionnels pour mes salari\u00e9s<\/p>\n","protected":false},"author":2,"featured_media":0,"parent":0,"menu_order":0,"comment_status":"closed","ping_status":"closed","template":"","meta":{"footnotes":""},"class_list":["post-69","page","type-page","status-publish","hentry"],"yoast_head":"<!-- This site is optimized with the Yoast SEO plugin v23.0 - https:\/\/yoast.com\/wordpress\/plugins\/seo\/ -->\n<title>Le financement des formations obligatoires en pr\u00e9vention<\/title>\n<meta name=\"description\" content=\"Financer mes formations obligatoires gr\u00e2ce aux OPCO, c&#039;est renforcer la pr\u00e9vention des risques professionnels aupr\u00e8s de mes salari\u00e9s !\" \/>\n<meta name=\"robots\" content=\"index, follow, max-snippet:-1, max-image-preview:large, max-video-preview:-1\" \/>\n<link rel=\"canonical\" href=\"https:\/\/aliis-formation.com\/index.php\/financement-prevention-risques-professionnels\/\" \/>\n<meta property=\"og:locale\" content=\"fr_FR\" \/>\n<meta property=\"og:type\" content=\"article\" \/>\n<meta property=\"og:title\" content=\"Le financement des formations obligatoires en pr\u00e9vention\" \/>\n<meta property=\"og:description\" content=\"Financer mes formations obligatoires gr\u00e2ce aux OPCO, c&#039;est renforcer la pr\u00e9vention des risques professionnels aupr\u00e8s de mes salari\u00e9s !\" \/>\n<meta property=\"og:url\" content=\"https:\/\/aliis-formation.com\/index.php\/financement-prevention-risques-professionnels\/\" \/>\n<meta property=\"og:site_name\" content=\"ALiiS formation\" \/>\n<meta property=\"article:modified_time\" content=\"2024-06-28T14:30:17+00:00\" \/>\n<meta property=\"og:image\" content=\"https:\/\/aliis-formation.com\/wp-content\/uploads\/2024\/03\/pexels-ryutaro-tsukata-6249385-scaled.jpg\" \/>\n<meta name=\"twitter:card\" content=\"summary_large_image\" \/>\n<meta name=\"twitter:label1\" content=\"Dur\u00e9e de lecture estim\u00e9e\" \/>\n\t<meta name=\"twitter:data1\" content=\"2 minutes\" \/>\n<script type=\"application\/ld+json\" class=\"yoast-schema-graph\">{\"@context\":\"https:\/\/schema.org\",\"@graph\":[{\"@type\":\"WebPage\",\"@id\":\"https:\/\/aliis-formation.com\/index.php\/financement-prevention-risques-professionnels\/\",\"url\":\"https:\/\/aliis-formation.com\/index.php\/financement-prevention-risques-professionnels\/\",\"name\":\"Le financement des formations obligatoires en pr\u00e9vention\",\"isPartOf\":{\"@id\":\"https:\/\/aliis-formation.com\/#website\"},\"primaryImageOfPage\":{\"@id\":\"https:\/\/aliis-formation.com\/index.php\/financement-prevention-risques-professionnels\/#primaryimage\"},\"image\":{\"@id\":\"https:\/\/aliis-formation.com\/index.php\/financement-prevention-risques-professionnels\/#primaryimage\"},\"thumbnailUrl\":\"https:\/\/aliis-formation.com\/wp-content\/uploads\/2024\/03\/pexels-ryutaro-tsukata-6249385-scaled.jpg\",\"datePublished\":\"2023-11-27T18:46:52+00:00\",\"dateModified\":\"2024-06-28T14:30:17+00:00\",\"description\":\"Financer mes formations obligatoires gr\u00e2ce aux OPCO, c'est renforcer la pr\u00e9vention des risques professionnels aupr\u00e8s de mes salari\u00e9s !\",\"breadcrumb\":{\"@id\":\"https:\/\/aliis-formation.com\/index.php\/financement-prevention-risques-professionnels\/#breadcrumb\"},\"inLanguage\":\"fr-FR\",\"potentialAction\":[{\"@type\":\"ReadAction\",\"target\":[\"https:\/\/aliis-formation.com\/index.php\/financement-prevention-risques-professionnels\/\"]}]},{\"@type\":\"ImageObject\",\"inLanguage\":\"fr-FR\",\"@id\":\"https:\/\/aliis-formation.com\/index.php\/financement-prevention-risques-professionnels\/#primaryimage\",\"url\":\"https:\/\/aliis-formation.com\/wp-content\/uploads\/2024\/03\/pexels-ryutaro-tsukata-6249385-scaled.jpg\",\"contentUrl\":\"https:\/\/aliis-formation.com\/wp-content\/uploads\/2024\/03\/pexels-ryutaro-tsukata-6249385-scaled.jpg\",\"width\":1706,\"height\":2560,\"caption\":\"Comment remplir un dossier de financement, \u00e0 quelles subventions ai-je le droit... ALiiS vous accompagne dans vos d\u00e9marches\"},{\"@type\":\"BreadcrumbList\",\"@id\":\"https:\/\/aliis-formation.com\/index.php\/financement-prevention-risques-professionnels\/#breadcrumb\",\"itemListElement\":[{\"@type\":\"ListItem\",\"position\":1,\"name\":\"Accueil\",\"item\":\"https:\/\/aliis-formation.com\/\"},{\"@type\":\"ListItem\",\"position\":2,\"name\":\"Financement\"}]},{\"@type\":\"WebSite\",\"@id\":\"https:\/\/aliis-formation.com\/#website\",\"url\":\"https:\/\/aliis-formation.com\/\",\"name\":\"ALiiS formation\",\"description\":\"\",\"publisher\":{\"@id\":\"https:\/\/aliis-formation.com\/#organization\"},\"potentialAction\":[{\"@type\":\"SearchAction\",\"target\":{\"@type\":\"EntryPoint\",\"urlTemplate\":\"https:\/\/aliis-formation.com\/?s={search_term_string}\"},\"query-input\":\"required name=search_term_string\"}],\"inLanguage\":\"fr-FR\"},{\"@type\":\"Organization\",\"@id\":\"https:\/\/aliis-formation.com\/#organization\",\"name\":\"ALiiS formation\",\"url\":\"https:\/\/aliis-formation.com\/\",\"logo\":{\"@type\":\"ImageObject\",\"inLanguage\":\"fr-FR\",\"@id\":\"https:\/\/aliis-formation.com\/#\/schema\/logo\/image\/\",\"url\":\"https:\/\/aliis-formation.com\/wp-content\/uploads\/2023\/12\/LOGO-PORTRAIT-COULEUR-FOND-TRANSPARENT.svg\",\"contentUrl\":\"https:\/\/aliis-formation.com\/wp-content\/uploads\/2023\/12\/LOGO-PORTRAIT-COULEUR-FOND-TRANSPARENT.svg\",\"width\":4251,\"height\":1241,\"caption\":\"ALiiS formation\"},\"image\":{\"@id\":\"https:\/\/aliis-formation.com\/#\/schema\/logo\/image\/\"}}]}<\/script>\n<!-- \/ Yoast SEO plugin. -->","yoast_head_json":{"title":"Le financement des formations obligatoires en pr\u00e9vention","description":"Financer mes formations obligatoires gr\u00e2ce aux OPCO, c'est renforcer la pr\u00e9vention des risques professionnels aupr\u00e8s de mes salari\u00e9s !","robots":{"index":"index","follow":"follow","max-snippet":"max-snippet:-1","max-image-preview":"max-image-preview:large","max-video-preview":"max-video-preview:-1"},"canonical":"https:\/\/aliis-formation.com\/index.php\/financement-prevention-risques-professionnels\/","og_locale":"fr_FR","og_type":"article","og_title":"Le financement des formations obligatoires en pr\u00e9vention","og_description":"Financer mes formations obligatoires gr\u00e2ce aux OPCO, c'est renforcer la pr\u00e9vention des risques professionnels aupr\u00e8s de mes salari\u00e9s !","og_url":"https:\/\/aliis-formation.com\/index.php\/financement-prevention-risques-professionnels\/","og_site_name":"ALiiS formation","article_modified_time":"2024-06-28T14:30:17+00:00","og_image":[{"url":"https:\/\/aliis-formation.com\/wp-content\/uploads\/2024\/03\/pexels-ryutaro-tsukata-6249385-scaled.jpg"}],"twitter_card":"summary_large_image","twitter_misc":{"Dur\u00e9e de lecture estim\u00e9e":"2 minutes"},"schema":{"@context":"https:\/\/schema.org","@graph":[{"@type":"WebPage","@id":"https:\/\/aliis-formation.com\/index.php\/financement-prevention-risques-professionnels\/","url":"https:\/\/aliis-formation.com\/index.php\/financement-prevention-risques-professionnels\/","name":"Le financement des formations obligatoires en pr\u00e9vention","isPartOf":{"@id":"https:\/\/aliis-formation.com\/#website"},"primaryImageOfPage":{"@id":"https:\/\/aliis-formation.com\/index.php\/financement-prevention-risques-professionnels\/#primaryimage"},"image":{"@id":"https:\/\/aliis-formation.com\/index.php\/financement-prevention-risques-professionnels\/#primaryimage"},"thumbnailUrl":"https:\/\/aliis-formation.com\/wp-content\/uploads\/2024\/03\/pexels-ryutaro-tsukata-6249385-scaled.jpg","datePublished":"2023-11-27T18:46:52+00:00","dateModified":"2024-06-28T14:30:17+00:00","description":"Financer mes formations obligatoires gr\u00e2ce aux OPCO, c'est renforcer la pr\u00e9vention des risques professionnels aupr\u00e8s de mes salari\u00e9s !","breadcrumb":{"@id":"https:\/\/aliis-formation.com\/index.php\/financement-prevention-risques-professionnels\/#breadcrumb"},"inLanguage":"fr-FR","potentialAction":[{"@type":"ReadAction","target":["https:\/\/aliis-formation.com\/index.php\/financement-prevention-risques-professionnels\/"]}]},{"@type":"ImageObject","inLanguage":"fr-FR","@id":"https:\/\/aliis-formation.com\/index.php\/financement-prevention-risques-professionnels\/#primaryimage","url":"https:\/\/aliis-formation.com\/wp-content\/uploads\/2024\/03\/pexels-ryutaro-tsukata-6249385-scaled.jpg","contentUrl":"https:\/\/aliis-formation.com\/wp-content\/uploads\/2024\/03\/pexels-ryutaro-tsukata-6249385-scaled.jpg","width":1706,"height":2560,"caption":"Comment remplir un dossier de financement, \u00e0 quelles subventions ai-je le droit... ALiiS vous accompagne dans vos d\u00e9marches"},{"@type":"BreadcrumbList","@id":"https:\/\/aliis-formation.com\/index.php\/financement-prevention-risques-professionnels\/#breadcrumb","itemListElement":[{"@type":"ListItem","position":1,"name":"Accueil","item":"https:\/\/aliis-formation.com\/"},{"@type":"ListItem","position":2,"name":"Financement"}]},{"@type":"WebSite","@id":"https:\/\/aliis-formation.com\/#website","url":"https:\/\/aliis-formation.com\/","name":"ALiiS formation","description":"","publisher":{"@id":"https:\/\/aliis-formation.com\/#organization"},"potentialAction":[{"@type":"SearchAction","target":{"@type":"EntryPoint","urlTemplate":"https:\/\/aliis-formation.com\/?s={search_term_string}"},"query-input":"required name=search_term_string"}],"inLanguage":"fr-FR"},{"@type":"Organization","@id":"https:\/\/aliis-formation.com\/#organization","name":"ALiiS formation","url":"https:\/\/aliis-formation.com\/","logo":{"@type":"ImageObject","inLanguage":"fr-FR","@id":"https:\/\/aliis-formation.com\/#\/schema\/logo\/image\/","url":"https:\/\/aliis-formation.com\/wp-content\/uploads\/2023\/12\/LOGO-PORTRAIT-COULEUR-FOND-TRANSPARENT.svg","contentUrl":"https:\/\/aliis-formation.com\/wp-content\/uploads\/2023\/12\/LOGO-PORTRAIT-COULEUR-FOND-TRANSPARENT.svg","width":4251,"height":1241,"caption":"ALiiS formation"},"image":{"@id":"https:\/\/aliis-formation.com\/#\/schema\/logo\/image\/"}}]}},"_links":{"self":[{"href":"https:\/\/aliis-formation.com\/index.php\/wp-json\/wp\/v2\/pages\/69","targetHints":{"allow":["GET"]}}],"collection":[{"href":"https:\/\/aliis-formation.com\/index.php\/wp-json\/wp\/v2\/pages"}],"about":[{"href":"https:\/\/aliis-formation.com\/index.php\/wp-json\/wp\/v2\/types\/page"}],"author":[{"embeddable":true,"href":"https:\/\/aliis-formation.com\/index.php\/wp-json\/wp\/v2\/users\/2"}],"replies":[{"embeddable":true,"href":"https:\/\/aliis-formation.com\/index.php\/wp-json\/wp\/v2\/comments?post=69"}],"version-history":[{"count":35,"href":"https:\/\/aliis-formation.com\/index.php\/wp-json\/wp\/v2\/pages\/69\/revisions"}],"predecessor-version":[{"id":1653,"href":"https:\/\/aliis-formation.com\/index.php\/wp-json\/wp\/v2\/pages\/69\/revisions\/1653"}],"wp:attachment":[{"href":"https:\/\/aliis-formation.com\/index.php\/wp-json\/wp\/v2\/media?parent=69"}],"curies":[{"name":"wp","href":"https:\/\/api.w.org\/{rel}","templated":true}]}}