{"id":643,"date":"2024-02-18T17:09:10","date_gmt":"2024-02-18T16:09:10","guid":{"rendered":"https:\/\/aliisfs.cluster030.hosting.ovh.net\/?page_id=643"},"modified":"2024-06-28T16:27:17","modified_gmt":"2024-06-28T14:27:17","slug":"formation-secourisme-premiers-secours-en-entreprise","status":"publish","type":"page","link":"https:\/\/aliis-formation.com\/index.php\/formation-secourisme-premiers-secours-en-entreprise\/","title":{"rendered":"Formation Secourisme Premiers Secours en Entreprise"},"content":{"rendered":"\t\t<div data-elementor-type=\"wp-page\" data-elementor-id=\"643\" class=\"elementor elementor-643\">\n\t\t\t\t<div class=\"elementor-element elementor-element-3d5127d e-flex e-con-boxed e-con e-parent\" data-id=\"3d5127d\" data-element_type=\"container\">\n\t\t\t\t\t<div class=\"e-con-inner\">\n\t\t<div class=\"elementor-element elementor-element-1845004 e-con-full e-flex e-con e-child\" data-id=\"1845004\" data-element_type=\"container\">\n\t\t\t\t<div class=\"elementor-element elementor-element-c413ee0 elementor-widget elementor-widget-image\" data-id=\"c413ee0\" data-element_type=\"widget\" data-widget_type=\"image.default\">\n\t\t\t\t<div class=\"elementor-widget-container\">\n\t\t\t<style>\/*! elementor - v3.22.0 - 26-06-2024 *\/\n.elementor-widget-image{text-align:center}.elementor-widget-image a{display:inline-block}.elementor-widget-image a img[src$=\".svg\"]{width:48px}.elementor-widget-image img{vertical-align:middle;display:inline-block}<\/style>\t\t\t\t\t\t\t\t\t\t<img fetchpriority=\"high\" decoding=\"async\" width=\"800\" height=\"534\" src=\"https:\/\/aliis-formation.com\/wp-content\/uploads\/2024\/03\/pexels-rdne-stock-project-6519904-1024x683.jpg\" class=\"attachment-large size-large wp-image-838\" alt=\"\" srcset=\"https:\/\/aliis-formation.com\/wp-content\/uploads\/2024\/03\/pexels-rdne-stock-project-6519904-1024x683.jpg 1024w, https:\/\/aliis-formation.com\/wp-content\/uploads\/2024\/03\/pexels-rdne-stock-project-6519904-300x200.jpg 300w, https:\/\/aliis-formation.com\/wp-content\/uploads\/2024\/03\/pexels-rdne-stock-project-6519904-768x512.jpg 768w, https:\/\/aliis-formation.com\/wp-content\/uploads\/2024\/03\/pexels-rdne-stock-project-6519904-1536x1024.jpg 1536w, https:\/\/aliis-formation.com\/wp-content\/uploads\/2024\/03\/pexels-rdne-stock-project-6519904-2048x1365.jpg 2048w\" sizes=\"(max-width: 800px) 100vw, 800px\" \/>\t\t\t\t\t\t\t\t\t\t\t\t\t<\/div>\n\t\t\t\t<\/div>\n\t\t\t\t<\/div>\n\t\t<div class=\"elementor-element elementor-element-03d204c e-con-full e-flex e-con e-child\" data-id=\"03d204c\" data-element_type=\"container\">\n\t\t\t\t<div class=\"elementor-element elementor-element-974d8b6 elementor-widget elementor-widget-heading\" data-id=\"974d8b6\" data-element_type=\"widget\" data-widget_type=\"heading.default\">\n\t\t\t\t<div class=\"elementor-widget-container\">\n\t\t\t<style>\/*! elementor - v3.22.0 - 26-06-2024 *\/\n.elementor-heading-title{padding:0;margin:0;line-height:1}.elementor-widget-heading .elementor-heading-title[class*=elementor-size-]>a{color:inherit;font-size:inherit;line-height:inherit}.elementor-widget-heading .elementor-heading-title.elementor-size-small{font-size:15px}.elementor-widget-heading .elementor-heading-title.elementor-size-medium{font-size:19px}.elementor-widget-heading .elementor-heading-title.elementor-size-large{font-size:29px}.elementor-widget-heading .elementor-heading-title.elementor-size-xl{font-size:39px}.elementor-widget-heading .elementor-heading-title.elementor-size-xxl{font-size:59px}<\/style><h1 class=\"elementor-heading-title elementor-size-default\">Formation Initiation<br\/>premiers secours<\/h1>\t\t<\/div>\n\t\t\t\t<\/div>\n\t\t\t\t<div class=\"elementor-element elementor-element-db95b6d elementor-widget elementor-widget-heading\" data-id=\"db95b6d\" data-element_type=\"widget\" data-widget_type=\"heading.default\">\n\t\t\t\t<div class=\"elementor-widget-container\">\n\t\t\t<h2 class=\"elementor-heading-title elementor-size-default\">Secourisme<\/h2>\t\t<\/div>\n\t\t\t\t<\/div>\n\t\t\t\t<\/div>\n\t\t\t\t\t<\/div>\n\t\t\t\t<\/div>\n\t\t<div class=\"elementor-element elementor-element-5197850 e-flex e-con-boxed e-con e-parent\" data-id=\"5197850\" data-element_type=\"container\">\n\t\t\t\t\t<div class=\"e-con-inner\">\n\t\t\t\t<div class=\"elementor-element elementor-element-d7bfb11 elementor-widget elementor-widget-heading\" data-id=\"d7bfb11\" data-element_type=\"widget\" data-widget_type=\"heading.default\">\n\t\t\t\t<div class=\"elementor-widget-container\">\n\t\t\t<h2 class=\"elementor-heading-title elementor-size-default\">Ma\u00eetriser les gestes qui sauvent est devenu indispensable aujourd'hui en entreprise.  A ce titre, nous vous proposons un programme de formation aux premiers secours.\n<br><br>Ce stage permet \u00e0 tous vos collaborateurs de ma\u00eetriser les gestes d\u2019urgence et d\u2019apporter les premiers soins. Ils seront ainsi capables d\u2019intervenir face \u00e0 une personne bless\u00e9e ou en d\u00e9tresse (malaise, h\u00e9morragie, arr\u00eat cardiaque etc.), en attendant l\u2019arriv\u00e9e des secours.\n<br><br>R\u00e9alis\u00e9e sur une journ\u00e9e (contre deux pour la formation SST obligatoire), cette formation est essentiellement pratique. <br><br>ALiiS dispose de toutes les comp\u00e9tences pour former les collaborateurs en  entreprise aux premiers secours. \n<br><br>En compl\u00e9ment de cette formation premiers secours en entreprise, nous proposons plusieurs formations de secourisme ou en s\u00e9curit\u00e9 incendie vous permettant ainsi de r\u00e9pondre \u00e0 vos obligations l\u00e9gales.<\/h2>\t\t<\/div>\n\t\t\t\t<\/div>\n\t\t\t\t<div class=\"elementor-element elementor-element-16ca792 elementor-widget elementor-widget-counter\" data-id=\"16ca792\" data-element_type=\"widget\" data-widget_type=\"counter.default\">\n\t\t\t\t<div class=\"elementor-widget-container\">\n\t\t\t<style>\/*! elementor - v3.22.0 - 26-06-2024 *\/\n.elementor-counter{display:flex;justify-content:center;align-items:stretch;flex-direction:column-reverse}.elementor-counter .elementor-counter-number{flex-grow:var(--counter-number-grow,0)}.elementor-counter .elementor-counter-number-wrapper{flex:1;display:flex;font-size:69px;font-weight:600;line-height:1;text-align:center}.elementor-counter .elementor-counter-number-prefix{text-align:end;flex-grow:var(--counter-prefix-grow,1);white-space:pre-wrap}.elementor-counter .elementor-counter-number-suffix{text-align:start;flex-grow:var(--counter-suffix-grow,1);white-space:pre-wrap}.elementor-counter .elementor-counter-title{flex:1;display:flex;justify-content:center;align-items:center;margin:0;padding:0;font-size:19px;font-weight:400;line-height:2.5}<\/style>\t\t<div class=\"elementor-counter\">\n\t\t\t<div class=\"elementor-counter-title\">TAUX DE SATISFACTION DES PARTICIPANTS (2024)<\/div>\t\t\t<div class=\"elementor-counter-number-wrapper\">\n\t\t\t\t<span class=\"elementor-counter-number-prefix\"><\/span>\n\t\t\t\t<span class=\"elementor-counter-number\" data-duration=\"1000\" data-to-value=\"96\" data-from-value=\"0\" data-delimiter=\",\">0<\/span>\n\t\t\t\t<span class=\"elementor-counter-number-suffix\">%<\/span>\n\t\t\t<\/div>\n\t\t<\/div>\n\t\t\t\t<\/div>\n\t\t\t\t<\/div>\n\t\t\t\t\t<\/div>\n\t\t\t\t<\/div>\n\t\t<div class=\"elementor-element elementor-element-777294d e-flex e-con-boxed e-con e-parent\" data-id=\"777294d\" data-element_type=\"container\">\n\t\t\t\t\t<div class=\"e-con-inner\">\n\t\t<div class=\"elementor-element elementor-element-fe46ba5 e-con-full e-flex e-con e-child\" data-id=\"fe46ba5\" data-element_type=\"container\" data-settings=\"{&quot;background_background&quot;:&quot;classic&quot;}\">\n\t\t\t\t<div class=\"elementor-element elementor-element-4bd8671 elementor-widget elementor-widget-text-editor\" data-id=\"4bd8671\" data-element_type=\"widget\" data-widget_type=\"text-editor.default\">\n\t\t\t\t<div class=\"elementor-widget-container\">\n\t\t\t<style>\/*! elementor - v3.22.0 - 26-06-2024 *\/\n.elementor-widget-text-editor.elementor-drop-cap-view-stacked .elementor-drop-cap{background-color:#69727d;color:#fff}.elementor-widget-text-editor.elementor-drop-cap-view-framed .elementor-drop-cap{color:#69727d;border:3px solid;background-color:transparent}.elementor-widget-text-editor:not(.elementor-drop-cap-view-default) .elementor-drop-cap{margin-top:8px}.elementor-widget-text-editor:not(.elementor-drop-cap-view-default) .elementor-drop-cap-letter{width:1em;height:1em}.elementor-widget-text-editor .elementor-drop-cap{float:left;text-align:center;line-height:1;font-size:50px}.elementor-widget-text-editor .elementor-drop-cap-letter{display:inline-block}<\/style>\t\t\t\t<p><span style=\"text-decoration: underline;\"><strong>Public concern\u00e9<\/strong><\/span><br>Toute personne souhaitant acqu\u00e9rir les bons r\u00e9flexes face \u00e0 une personne victime d\u2019un accident ou d\u2019un malaise.<\/p>\n<p><span style=\"text-decoration: underline;\"><strong>Pr\u00e9-requis<\/strong><\/span><br>Ma\u00eetriser la langue fran\u00e7aise.<\/p>\n<p><span style=\"text-decoration: underline;\"><strong>Dur\u00e9e<\/strong><\/span><br>7h sur une seule journ\u00e9e<\/p>\n<p><span style=\"text-decoration: underline;\"><strong>Validation<\/strong><\/span><br>&#8211; Evaluations pratiques au travers de mises en situation<br>&#8211; D\u00e9livrance d\u2019attestation nominative reprenant les comp\u00e9tences acquises.<\/p>\n<p><span style=\"text-decoration: underline;\"><strong>Modalit\u00e9s et co\u00fbt de la formation<\/strong><\/span><br>&#8211; Formation non modulable (ne dispense qu&rsquo;un bloc de comp\u00e9tences)<br>&#8211; Formation accessible aux personnes \u00e0 mobilit\u00e9 r\u00e9duite et\/ou autres sp\u00e9cificit\u00e9s.<\/p>\n<p><span style=\"text-decoration: underline;\"><strong>Nos formateurs<\/strong><\/span><br>Formateurs secouristes certifi\u00e9s par l\u2019INRS.<\/p>\t\t\t\t\t\t<\/div>\n\t\t\t\t<\/div>\n\t\t\t\t<div class=\"elementor-element elementor-element-4a188cd elementor-align-center elementor-invisible elementor-widget elementor-widget-button\" data-id=\"4a188cd\" data-element_type=\"widget\" data-settings=\"{&quot;_animation&quot;:&quot;fadeIn&quot;,&quot;_animation_delay&quot;:400}\" data-widget_type=\"button.default\">\n\t\t\t\t<div class=\"elementor-widget-container\">\n\t\t\t\t\t<div class=\"elementor-button-wrapper\">\n\t\t\t<a class=\"elementor-button elementor-button-link elementor-size-sm\" href=\"\/index.php\/contact\/\">\n\t\t\t\t\t\t<span class=\"elementor-button-content-wrapper\">\n\t\t\t\t\t\t\t\t\t<span class=\"elementor-button-text\">JE DEMANDE UN DEVIS<\/span>\n\t\t\t\t\t<\/span>\n\t\t\t\t\t<\/a>\n\t\t<\/div>\n\t\t\t\t<\/div>\n\t\t\t\t<\/div>\n\t\t\t\t<\/div>\n\t\t<div class=\"elementor-element elementor-element-a90f003 e-con-full e-flex e-con e-child\" data-id=\"a90f003\" data-element_type=\"container\">\n\t\t\t\t<div class=\"elementor-element elementor-element-f1613a2 elementor-widget elementor-widget-text-editor\" data-id=\"f1613a2\" data-element_type=\"widget\" data-widget_type=\"text-editor.default\">\n\t\t\t\t<div class=\"elementor-widget-container\">\n\t\t\t\t\t\t\t<h4><strong>OBJECTIFS<\/strong><\/h4><p>A l&rsquo;issue de la formation, l&rsquo;apprenant doit \u00eatre capable d&rsquo;ex\u00e9cuter une action citoyenne d&rsquo;assistance \u00e0 personne en mettant en pratique des gestes \u00e9l\u00e9mentaires de secours.<br \/>En particulier il doit \u00eatre capable :<\/p><ul><li>D&rsquo;assurer une protection imm\u00e9diate, d&rsquo;assurer la transmission de l&rsquo;alerte au service le plus adapt\u00e9 ;<\/li><li>De r\u00e9aliser imm\u00e9diatement les premiers gestes de secours adapt\u00e9s face \u00e0 une personne victime d\u2019un accident ou d\u2019un malaise.<\/li><\/ul><h4><strong><br \/>CONTENU<\/strong><\/h4><ul><li>Assurer une protection imm\u00e9diate et efficace ;<\/li><li>Examiner la victime, afin d\u2019identifier les signes de<br \/>gravit\u00e9 ;<\/li><li>Message d\u2019alerte : Qui alerter et quelles informations<br \/>transmettre ?<\/li><li>Pratiquer les gestes de premiers secours adapt\u00e9s \u00e0<br \/>une :<ul><li>Victime d\u2019une obstruction des voies a\u00e9riennes<\/li><li>Victime d\u2019un saignement abondant (h\u00e9morragie)<\/li><li>Victime d\u2019une perte de connaissance<\/li><li>Victime d\u2019un arr\u00eat cardiaque (RCP avec utilisation du d\u00e9fibrillateur)<\/li><li>Victime d\u2019un malaise<\/li><li>Victime d\u2019un traumatisme (plaies, br\u00fblures, traumatisme osseux)<\/li><\/ul><\/li><\/ul><h4><strong><br \/>M\u00c9THODES &amp; SUPPORTS P\u00c9DAGOGIQUES<\/strong><\/h4><ul><li>Alternance d&rsquo;apports th\u00e9oriques et de pratique<ul><li>Manipulation sur mannequins et d\u00e9fibrillateur de formation<\/li><li>Mises en situation<\/li><\/ul><\/li><li>Nos formateurs disposent de leur propre mat\u00e9riel (PC portable, vid\u00e9o projecteur, mannequins RCP adulte\/enfant\/nourrisson, d\u00e9fibrillateur de formation, maquillage et petit mat\u00e9riel p\u00e9dagogique pour les mises en situation, gants, protections buccales, documents ressources\u2026).<\/li><\/ul>\t\t\t\t\t\t<\/div>\n\t\t\t\t<\/div>\n\t\t\t\t<\/div>\n\t\t\t\t\t<\/div>\n\t\t\t\t<\/div>\n\t\t\t\t<\/div>\n\t\t","protected":false},"excerpt":{"rendered":"<p>Formation Initiationpremiers secours Secourisme Ma\u00eetriser les gestes qui sauvent est devenu indispensable aujourd&rsquo;hui en entreprise. A ce titre, nous vous proposons un programme de formation aux premiers secours. Ce stage permet \u00e0 tous vos collaborateurs de ma\u00eetriser les gestes d\u2019urgence et d\u2019apporter les premiers soins. Ils seront ainsi capables d\u2019intervenir face \u00e0 une personne bless\u00e9e [&hellip;]<\/p>\n","protected":false},"author":2,"featured_media":0,"parent":0,"menu_order":0,"comment_status":"closed","ping_status":"closed","template":"","meta":{"footnotes":""},"class_list":["post-643","page","type-page","status-publish","hentry"],"yoast_head":"<!-- This site is optimized with the Yoast SEO plugin v23.0 - https:\/\/yoast.com\/wordpress\/plugins\/seo\/ -->\n<title>Formation Secourisme Premiers Secours en Entreprise<\/title>\n<meta name=\"description\" content=\"Une formation aux premiers secours permet de ma\u00eetriser les gestes d\u2019urgence et d\u2019apporter les premiers soins\" \/>\n<meta name=\"robots\" content=\"index, follow, max-snippet:-1, max-image-preview:large, max-video-preview:-1\" \/>\n<link rel=\"canonical\" href=\"https:\/\/aliis-formation.com\/index.php\/formation-secourisme-premiers-secours-en-entreprise\/\" \/>\n<meta property=\"og:locale\" content=\"fr_FR\" \/>\n<meta property=\"og:type\" content=\"article\" \/>\n<meta property=\"og:title\" content=\"Formation Secourisme Premiers Secours en Entreprise\" \/>\n<meta property=\"og:description\" content=\"Une formation aux premiers secours permet de ma\u00eetriser les gestes d\u2019urgence et d\u2019apporter les premiers soins\" \/>\n<meta property=\"og:url\" content=\"https:\/\/aliis-formation.com\/index.php\/formation-secourisme-premiers-secours-en-entreprise\/\" \/>\n<meta property=\"og:site_name\" content=\"ALiiS formation\" \/>\n<meta property=\"article:modified_time\" content=\"2024-06-28T14:27:17+00:00\" \/>\n<meta property=\"og:image\" content=\"https:\/\/aliis-formation.com\/wp-content\/uploads\/2024\/03\/pexels-rdne-stock-project-6519904-1024x683.jpg\" \/>\n<meta name=\"twitter:card\" content=\"summary_large_image\" \/>\n<meta name=\"twitter:label1\" content=\"Dur\u00e9e de lecture estim\u00e9e\" \/>\n\t<meta name=\"twitter:data1\" content=\"3 minutes\" \/>\n<script type=\"application\/ld+json\" class=\"yoast-schema-graph\">{\"@context\":\"https:\/\/schema.org\",\"@graph\":[{\"@type\":\"WebPage\",\"@id\":\"https:\/\/aliis-formation.com\/index.php\/formation-secourisme-premiers-secours-en-entreprise\/\",\"url\":\"https:\/\/aliis-formation.com\/index.php\/formation-secourisme-premiers-secours-en-entreprise\/\",\"name\":\"Formation Secourisme Premiers Secours en Entreprise\",\"isPartOf\":{\"@id\":\"https:\/\/aliis-formation.com\/#website\"},\"primaryImageOfPage\":{\"@id\":\"https:\/\/aliis-formation.com\/index.php\/formation-secourisme-premiers-secours-en-entreprise\/#primaryimage\"},\"image\":{\"@id\":\"https:\/\/aliis-formation.com\/index.php\/formation-secourisme-premiers-secours-en-entreprise\/#primaryimage\"},\"thumbnailUrl\":\"https:\/\/aliis-formation.com\/wp-content\/uploads\/2024\/03\/pexels-rdne-stock-project-6519904-1024x683.jpg\",\"datePublished\":\"2024-02-18T16:09:10+00:00\",\"dateModified\":\"2024-06-28T14:27:17+00:00\",\"description\":\"Une formation aux premiers secours permet de ma\u00eetriser les gestes d\u2019urgence et d\u2019apporter les premiers soins\",\"breadcrumb\":{\"@id\":\"https:\/\/aliis-formation.com\/index.php\/formation-secourisme-premiers-secours-en-entreprise\/#breadcrumb\"},\"inLanguage\":\"fr-FR\",\"potentialAction\":[{\"@type\":\"ReadAction\",\"target\":[\"https:\/\/aliis-formation.com\/index.php\/formation-secourisme-premiers-secours-en-entreprise\/\"]}]},{\"@type\":\"ImageObject\",\"inLanguage\":\"fr-FR\",\"@id\":\"https:\/\/aliis-formation.com\/index.php\/formation-secourisme-premiers-secours-en-entreprise\/#primaryimage\",\"url\":\"https:\/\/aliis-formation.com\/wp-content\/uploads\/2024\/03\/pexels-rdne-stock-project-6519904-scaled.jpg\",\"contentUrl\":\"https:\/\/aliis-formation.com\/wp-content\/uploads\/2024\/03\/pexels-rdne-stock-project-6519904-scaled.jpg\",\"width\":2560,\"height\":1707},{\"@type\":\"BreadcrumbList\",\"@id\":\"https:\/\/aliis-formation.com\/index.php\/formation-secourisme-premiers-secours-en-entreprise\/#breadcrumb\",\"itemListElement\":[{\"@type\":\"ListItem\",\"position\":1,\"name\":\"Accueil\",\"item\":\"https:\/\/aliis-formation.com\/\"},{\"@type\":\"ListItem\",\"position\":2,\"name\":\"Formation Secourisme Premiers Secours en Entreprise\"}]},{\"@type\":\"WebSite\",\"@id\":\"https:\/\/aliis-formation.com\/#website\",\"url\":\"https:\/\/aliis-formation.com\/\",\"name\":\"ALiiS formation\",\"description\":\"\",\"publisher\":{\"@id\":\"https:\/\/aliis-formation.com\/#organization\"},\"potentialAction\":[{\"@type\":\"SearchAction\",\"target\":{\"@type\":\"EntryPoint\",\"urlTemplate\":\"https:\/\/aliis-formation.com\/?s={search_term_string}\"},\"query-input\":\"required name=search_term_string\"}],\"inLanguage\":\"fr-FR\"},{\"@type\":\"Organization\",\"@id\":\"https:\/\/aliis-formation.com\/#organization\",\"name\":\"ALiiS formation\",\"url\":\"https:\/\/aliis-formation.com\/\",\"logo\":{\"@type\":\"ImageObject\",\"inLanguage\":\"fr-FR\",\"@id\":\"https:\/\/aliis-formation.com\/#\/schema\/logo\/image\/\",\"url\":\"https:\/\/aliis-formation.com\/wp-content\/uploads\/2023\/12\/LOGO-PORTRAIT-COULEUR-FOND-TRANSPARENT.svg\",\"contentUrl\":\"https:\/\/aliis-formation.com\/wp-content\/uploads\/2023\/12\/LOGO-PORTRAIT-COULEUR-FOND-TRANSPARENT.svg\",\"width\":4251,\"height\":1241,\"caption\":\"ALiiS formation\"},\"image\":{\"@id\":\"https:\/\/aliis-formation.com\/#\/schema\/logo\/image\/\"}}]}<\/script>\n<!-- \/ Yoast SEO plugin. -->","yoast_head_json":{"title":"Formation Secourisme Premiers Secours en Entreprise","description":"Une formation aux premiers secours permet de ma\u00eetriser les gestes d\u2019urgence et d\u2019apporter les premiers soins","robots":{"index":"index","follow":"follow","max-snippet":"max-snippet:-1","max-image-preview":"max-image-preview:large","max-video-preview":"max-video-preview:-1"},"canonical":"https:\/\/aliis-formation.com\/index.php\/formation-secourisme-premiers-secours-en-entreprise\/","og_locale":"fr_FR","og_type":"article","og_title":"Formation Secourisme Premiers Secours en Entreprise","og_description":"Une formation aux premiers secours permet de ma\u00eetriser les gestes d\u2019urgence et d\u2019apporter les premiers soins","og_url":"https:\/\/aliis-formation.com\/index.php\/formation-secourisme-premiers-secours-en-entreprise\/","og_site_name":"ALiiS formation","article_modified_time":"2024-06-28T14:27:17+00:00","og_image":[{"url":"https:\/\/aliis-formation.com\/wp-content\/uploads\/2024\/03\/pexels-rdne-stock-project-6519904-1024x683.jpg"}],"twitter_card":"summary_large_image","twitter_misc":{"Dur\u00e9e de lecture estim\u00e9e":"3 minutes"},"schema":{"@context":"https:\/\/schema.org","@graph":[{"@type":"WebPage","@id":"https:\/\/aliis-formation.com\/index.php\/formation-secourisme-premiers-secours-en-entreprise\/","url":"https:\/\/aliis-formation.com\/index.php\/formation-secourisme-premiers-secours-en-entreprise\/","name":"Formation Secourisme Premiers Secours en Entreprise","isPartOf":{"@id":"https:\/\/aliis-formation.com\/#website"},"primaryImageOfPage":{"@id":"https:\/\/aliis-formation.com\/index.php\/formation-secourisme-premiers-secours-en-entreprise\/#primaryimage"},"image":{"@id":"https:\/\/aliis-formation.com\/index.php\/formation-secourisme-premiers-secours-en-entreprise\/#primaryimage"},"thumbnailUrl":"https:\/\/aliis-formation.com\/wp-content\/uploads\/2024\/03\/pexels-rdne-stock-project-6519904-1024x683.jpg","datePublished":"2024-02-18T16:09:10+00:00","dateModified":"2024-06-28T14:27:17+00:00","description":"Une formation aux premiers secours permet de ma\u00eetriser les gestes d\u2019urgence et d\u2019apporter les premiers soins","breadcrumb":{"@id":"https:\/\/aliis-formation.com\/index.php\/formation-secourisme-premiers-secours-en-entreprise\/#breadcrumb"},"inLanguage":"fr-FR","potentialAction":[{"@type":"ReadAction","target":["https:\/\/aliis-formation.com\/index.php\/formation-secourisme-premiers-secours-en-entreprise\/"]}]},{"@type":"ImageObject","inLanguage":"fr-FR","@id":"https:\/\/aliis-formation.com\/index.php\/formation-secourisme-premiers-secours-en-entreprise\/#primaryimage","url":"https:\/\/aliis-formation.com\/wp-content\/uploads\/2024\/03\/pexels-rdne-stock-project-6519904-scaled.jpg","contentUrl":"https:\/\/aliis-formation.com\/wp-content\/uploads\/2024\/03\/pexels-rdne-stock-project-6519904-scaled.jpg","width":2560,"height":1707},{"@type":"BreadcrumbList","@id":"https:\/\/aliis-formation.com\/index.php\/formation-secourisme-premiers-secours-en-entreprise\/#breadcrumb","itemListElement":[{"@type":"ListItem","position":1,"name":"Accueil","item":"https:\/\/aliis-formation.com\/"},{"@type":"ListItem","position":2,"name":"Formation Secourisme Premiers Secours en Entreprise"}]},{"@type":"WebSite","@id":"https:\/\/aliis-formation.com\/#website","url":"https:\/\/aliis-formation.com\/","name":"ALiiS formation","description":"","publisher":{"@id":"https:\/\/aliis-formation.com\/#organization"},"potentialAction":[{"@type":"SearchAction","target":{"@type":"EntryPoint","urlTemplate":"https:\/\/aliis-formation.com\/?s={search_term_string}"},"query-input":"required name=search_term_string"}],"inLanguage":"fr-FR"},{"@type":"Organization","@id":"https:\/\/aliis-formation.com\/#organization","name":"ALiiS formation","url":"https:\/\/aliis-formation.com\/","logo":{"@type":"ImageObject","inLanguage":"fr-FR","@id":"https:\/\/aliis-formation.com\/#\/schema\/logo\/image\/","url":"https:\/\/aliis-formation.com\/wp-content\/uploads\/2023\/12\/LOGO-PORTRAIT-COULEUR-FOND-TRANSPARENT.svg","contentUrl":"https:\/\/aliis-formation.com\/wp-content\/uploads\/2023\/12\/LOGO-PORTRAIT-COULEUR-FOND-TRANSPARENT.svg","width":4251,"height":1241,"caption":"ALiiS formation"},"image":{"@id":"https:\/\/aliis-formation.com\/#\/schema\/logo\/image\/"}}]}},"_links":{"self":[{"href":"https:\/\/aliis-formation.com\/index.php\/wp-json\/wp\/v2\/pages\/643","targetHints":{"allow":["GET"]}}],"collection":[{"href":"https:\/\/aliis-formation.com\/index.php\/wp-json\/wp\/v2\/pages"}],"about":[{"href":"https:\/\/aliis-formation.com\/index.php\/wp-json\/wp\/v2\/types\/page"}],"author":[{"embeddable":true,"href":"https:\/\/aliis-formation.com\/index.php\/wp-json\/wp\/v2\/users\/2"}],"replies":[{"embeddable":true,"href":"https:\/\/aliis-formation.com\/index.php\/wp-json\/wp\/v2\/comments?post=643"}],"version-history":[{"count":72,"href":"https:\/\/aliis-formation.com\/index.php\/wp-json\/wp\/v2\/pages\/643\/revisions"}],"predecessor-version":[{"id":1644,"href":"https:\/\/aliis-formation.com\/index.php\/wp-json\/wp\/v2\/pages\/643\/revisions\/1644"}],"wp:attachment":[{"href":"https:\/\/aliis-formation.com\/index.php\/wp-json\/wp\/v2\/media?parent=643"}],"curies":[{"name":"wp","href":"https:\/\/api.w.org\/{rel}","templated":true}]}}