{"id":600,"date":"2024-02-15T21:26:20","date_gmt":"2024-02-15T20:26:20","guid":{"rendered":"https:\/\/aliisfs.cluster030.hosting.ovh.net\/?page_id=600"},"modified":"2024-07-10T15:26:30","modified_gmt":"2024-07-10T13:26:30","slug":"formation-secourisme-mac-sst-recyclage","status":"publish","type":"page","link":"https:\/\/aliis-formation.com\/index.php\/formation-secourisme-mac-sst-recyclage\/","title":{"rendered":"Formation Secourisme MAC SST Recyclage"},"content":{"rendered":"\t\t<div data-elementor-type=\"wp-page\" data-elementor-id=\"600\" class=\"elementor elementor-600\">\n\t\t\t\t<div class=\"elementor-element elementor-element-a869b99 e-flex e-con-boxed e-con e-parent\" data-id=\"a869b99\" data-element_type=\"container\">\n\t\t\t\t\t<div class=\"e-con-inner\">\n\t\t<div class=\"elementor-element elementor-element-bd6ffb1 e-con-full e-flex e-con e-child\" data-id=\"bd6ffb1\" data-element_type=\"container\">\n\t\t\t\t<div class=\"elementor-element elementor-element-314168c elementor-widget elementor-widget-image\" data-id=\"314168c\" data-element_type=\"widget\" data-widget_type=\"image.default\">\n\t\t\t\t<div class=\"elementor-widget-container\">\n\t\t\t<style>\/*! elementor - v3.22.0 - 26-06-2024 *\/\n.elementor-widget-image{text-align:center}.elementor-widget-image a{display:inline-block}.elementor-widget-image a img[src$=\".svg\"]{width:48px}.elementor-widget-image img{vertical-align:middle;display:inline-block}<\/style>\t\t\t\t\t\t\t\t\t\t<img fetchpriority=\"high\" decoding=\"async\" width=\"2560\" height=\"1703\" src=\"https:\/\/aliis-formation.com\/wp-content\/uploads\/2024\/03\/iStock-1330359286-scaled.jpg\" class=\"attachment-full size-full wp-image-885\" alt=\"Formation secourisme\" srcset=\"https:\/\/aliis-formation.com\/wp-content\/uploads\/2024\/03\/iStock-1330359286-scaled.jpg 2560w, https:\/\/aliis-formation.com\/wp-content\/uploads\/2024\/03\/iStock-1330359286-300x200.jpg 300w, https:\/\/aliis-formation.com\/wp-content\/uploads\/2024\/03\/iStock-1330359286-1024x681.jpg 1024w, https:\/\/aliis-formation.com\/wp-content\/uploads\/2024\/03\/iStock-1330359286-768x511.jpg 768w, https:\/\/aliis-formation.com\/wp-content\/uploads\/2024\/03\/iStock-1330359286-1536x1022.jpg 1536w, https:\/\/aliis-formation.com\/wp-content\/uploads\/2024\/03\/iStock-1330359286-2048x1363.jpg 2048w\" sizes=\"(max-width: 2560px) 100vw, 2560px\" \/>\t\t\t\t\t\t\t\t\t\t\t\t\t<\/div>\n\t\t\t\t<\/div>\n\t\t\t\t<\/div>\n\t\t<div class=\"elementor-element elementor-element-6d64abc e-con-full e-flex e-con e-child\" data-id=\"6d64abc\" data-element_type=\"container\">\n\t\t\t\t<div class=\"elementor-element elementor-element-bcbc15d elementor-widget elementor-widget-heading\" data-id=\"bcbc15d\" data-element_type=\"widget\" data-widget_type=\"heading.default\">\n\t\t\t\t<div class=\"elementor-widget-container\">\n\t\t\t<style>\/*! elementor - v3.22.0 - 26-06-2024 *\/\n.elementor-heading-title{padding:0;margin:0;line-height:1}.elementor-widget-heading .elementor-heading-title[class*=elementor-size-]>a{color:inherit;font-size:inherit;line-height:inherit}.elementor-widget-heading .elementor-heading-title.elementor-size-small{font-size:15px}.elementor-widget-heading .elementor-heading-title.elementor-size-medium{font-size:19px}.elementor-widget-heading .elementor-heading-title.elementor-size-large{font-size:29px}.elementor-widget-heading .elementor-heading-title.elementor-size-xl{font-size:39px}.elementor-widget-heading .elementor-heading-title.elementor-size-xxl{font-size:59px}<\/style><h1 class=\"elementor-heading-title elementor-size-default\">Formation MAC SST Sauveteur Secouriste du Travail<\/h1>\t\t<\/div>\n\t\t\t\t<\/div>\n\t\t\t\t<div class=\"elementor-element elementor-element-42f5c58 elementor-widget elementor-widget-heading\" data-id=\"42f5c58\" data-element_type=\"widget\" data-widget_type=\"heading.default\">\n\t\t\t\t<div class=\"elementor-widget-container\">\n\t\t\t<h2 class=\"elementor-heading-title elementor-size-default\">Secourisme<\/h2>\t\t<\/div>\n\t\t\t\t<\/div>\n\t\t\t\t<\/div>\n\t\t\t\t\t<\/div>\n\t\t\t\t<\/div>\n\t\t<div class=\"elementor-element elementor-element-dca2e62 e-flex e-con-boxed e-con e-parent\" data-id=\"dca2e62\" data-element_type=\"container\">\n\t\t\t\t\t<div class=\"e-con-inner\">\n\t\t\t\t<div class=\"elementor-element elementor-element-2d4cf24 elementor-widget elementor-widget-heading\" data-id=\"2d4cf24\" data-element_type=\"widget\" data-widget_type=\"heading.default\">\n\t\t\t\t<div class=\"elementor-widget-container\">\n\t\t\t<h2 class=\"elementor-heading-title elementor-size-default\">Le MAC SST, ou Maintien et Actualisation des Comp\u00e9tences, est une obligation pour tout sauveteur secouriste du travail. \n<br><br>Chaque personne disposant d\u2019un certificat SST doit suivre une formation de MAC SST, tous les deux ans (24 mois). \n<br><br>Ce stage d\u2019un jour permettra aux SST de r\u00e9actualiser leurs comp\u00e9tences, ainsi que de respecter leurs pr\u00e9rogatives. Les stagiaires reverront  tout l\u2019\u00e9ventail de connaissances  pratiques et techniques pour intervenir dans une situation d\u2019accident et contribuer \u00e0 la mise en place d'actions de pr\u00e9vention.\n<br><br>ALiiS est habilit\u00e9 par l'INRS \u00e0 former les SST en entreprise et \u00e0 assurer le recyclage p\u00e9riodique, ou MAC, du certificat de sauveteur secouriste du travail. En compl\u00e9ment de cette formation MAC SST, nous proposons plusieurs formations en premiers secours ou en s\u00e9curit\u00e9 incendie vous permettant ainsi de r\u00e9pondre \u00e0 vos obligations l\u00e9gales.<\/h2>\t\t<\/div>\n\t\t\t\t<\/div>\n\t\t\t\t<div class=\"elementor-element elementor-element-e430a02 elementor-widget elementor-widget-counter\" data-id=\"e430a02\" data-element_type=\"widget\" data-widget_type=\"counter.default\">\n\t\t\t\t<div class=\"elementor-widget-container\">\n\t\t\t<style>\/*! elementor - v3.22.0 - 26-06-2024 *\/\n.elementor-counter{display:flex;justify-content:center;align-items:stretch;flex-direction:column-reverse}.elementor-counter .elementor-counter-number{flex-grow:var(--counter-number-grow,0)}.elementor-counter .elementor-counter-number-wrapper{flex:1;display:flex;font-size:69px;font-weight:600;line-height:1;text-align:center}.elementor-counter .elementor-counter-number-prefix{text-align:end;flex-grow:var(--counter-prefix-grow,1);white-space:pre-wrap}.elementor-counter .elementor-counter-number-suffix{text-align:start;flex-grow:var(--counter-suffix-grow,1);white-space:pre-wrap}.elementor-counter .elementor-counter-title{flex:1;display:flex;justify-content:center;align-items:center;margin:0;padding:0;font-size:19px;font-weight:400;line-height:2.5}<\/style>\t\t<div class=\"elementor-counter\">\n\t\t\t<div class=\"elementor-counter-title\">taux de r\u00e9ussite (2024)<\/div>\t\t\t<div class=\"elementor-counter-number-wrapper\">\n\t\t\t\t<span class=\"elementor-counter-number-prefix\"><\/span>\n\t\t\t\t<span class=\"elementor-counter-number\" data-duration=\"1000\" data-to-value=\"98\" data-from-value=\"0\" data-delimiter=\",\">0<\/span>\n\t\t\t\t<span class=\"elementor-counter-number-suffix\">%<\/span>\n\t\t\t<\/div>\n\t\t<\/div>\n\t\t\t\t<\/div>\n\t\t\t\t<\/div>\n\t\t\t\t\t<\/div>\n\t\t\t\t<\/div>\n\t\t<div class=\"elementor-element elementor-element-0aa5ae1 e-flex e-con-boxed e-con e-parent\" data-id=\"0aa5ae1\" data-element_type=\"container\">\n\t\t\t\t\t<div class=\"e-con-inner\">\n\t\t<div class=\"elementor-element elementor-element-3ad739b e-con-full e-flex e-con e-child\" data-id=\"3ad739b\" data-element_type=\"container\" data-settings=\"{&quot;background_background&quot;:&quot;classic&quot;}\">\n\t\t\t\t<div class=\"elementor-element elementor-element-ce4223f elementor-widget elementor-widget-text-editor\" data-id=\"ce4223f\" data-element_type=\"widget\" data-widget_type=\"text-editor.default\">\n\t\t\t\t<div class=\"elementor-widget-container\">\n\t\t\t<style>\/*! elementor - v3.22.0 - 26-06-2024 *\/\n.elementor-widget-text-editor.elementor-drop-cap-view-stacked .elementor-drop-cap{background-color:#69727d;color:#fff}.elementor-widget-text-editor.elementor-drop-cap-view-framed .elementor-drop-cap{color:#69727d;border:3px solid;background-color:transparent}.elementor-widget-text-editor:not(.elementor-drop-cap-view-default) .elementor-drop-cap{margin-top:8px}.elementor-widget-text-editor:not(.elementor-drop-cap-view-default) .elementor-drop-cap-letter{width:1em;height:1em}.elementor-widget-text-editor .elementor-drop-cap{float:left;text-align:center;line-height:1;font-size:50px}.elementor-widget-text-editor .elementor-drop-cap-letter{display:inline-block}<\/style>\t\t\t\t<p><span style=\"text-decoration: underline;\"><strong>Public concern\u00e9<\/strong><\/span><br>Toute personne titulaire du certificat de SST et d\u00e9sign\u00e9e pour \u00eatre maintenue comme SST dans votre entreprise<span style=\"color: var( --e-global-color-c696dce ); letter-spacing: 0px; background-color: var( --e-global-color-secondary );\">\/\u00e9tablissement.<\/span><\/p>\n<p><span style=\"text-decoration: underline;\"><strong>Pr\u00e9-requis<\/strong><\/span><br>\u00catre titulaire de la certification SST depuis 2 ans maximum.<\/p>\n<p><span style=\"text-decoration: underline;\"><strong>Dur\u00e9e<\/strong><\/span><br>7h sur une journ\u00e9e.<\/p>\n<p><span style=\"text-decoration: underline;\"><strong>Validation<\/strong><\/span><br>&#8211; Nouveau certificat SST d\u00e9livr\u00e9 au candidat ayant particip\u00e9 activement \u00e0 l\u2019ensemble de la formation et ayant satisfait \u00e0 l\u2019\u00e9valuation des comp\u00e9tences MAC SST (grille certificative INRS)<br>&#8211; Certificat d&rsquo;une validit\u00e9 de 24 mois<br>&#8211; Attestation des comp\u00e9tences acquises au cours de la formation.<\/p>\n<p><span style=\"text-decoration: underline;\"><strong>Modalit\u00e9s et co\u00fbt de la formation<\/strong><\/span><br>&#8211; Groupe de 4 \u00e0 10 participants<br>&#8211; Formation non modulable (ne dispense qu&rsquo;un bloc de comp\u00e9tences)<br>&#8211; Formation accessible aux personnes \u00e0 mobilit\u00e9 r\u00e9duite et\/ou autres sp\u00e9cificit\u00e9s.<\/p>\n<p><span style=\"text-decoration: underline;\"><strong>Nos formateurs<\/strong><\/span><br>Formateurs SST certifi\u00e9s par l\u2019INRS.<\/p>\t\t\t\t\t\t<\/div>\n\t\t\t\t<\/div>\n\t\t\t\t<div class=\"elementor-element elementor-element-90da4a0 elementor-align-center elementor-invisible elementor-widget elementor-widget-button\" data-id=\"90da4a0\" data-element_type=\"widget\" data-settings=\"{&quot;_animation&quot;:&quot;fadeIn&quot;,&quot;_animation_delay&quot;:400}\" data-widget_type=\"button.default\">\n\t\t\t\t<div class=\"elementor-widget-container\">\n\t\t\t\t\t<div class=\"elementor-button-wrapper\">\n\t\t\t<a class=\"elementor-button elementor-button-link elementor-size-sm\" href=\"\/index.php\/contact\/\">\n\t\t\t\t\t\t<span class=\"elementor-button-content-wrapper\">\n\t\t\t\t\t\t\t\t\t<span class=\"elementor-button-text\">JE DEMANDE UN DEVIS<\/span>\n\t\t\t\t\t<\/span>\n\t\t\t\t\t<\/a>\n\t\t<\/div>\n\t\t\t\t<\/div>\n\t\t\t\t<\/div>\n\t\t\t\t<\/div>\n\t\t<div class=\"elementor-element elementor-element-d6707c4 e-con-full e-flex e-con e-child\" data-id=\"d6707c4\" data-element_type=\"container\">\n\t\t\t\t<div class=\"elementor-element elementor-element-bb5f094 elementor-widget elementor-widget-text-editor\" data-id=\"bb5f094\" data-element_type=\"widget\" data-widget_type=\"text-editor.default\">\n\t\t\t\t<div class=\"elementor-widget-container\">\n\t\t\t\t\t\t\t<h4><strong>OBJECTIFS<\/strong><\/h4><p>A l\u2019issue de la formation et en cas d\u2019\u00e9valuation favorable, le participant sera maintenu et actualis\u00e9 dans son r\u00f4le de SST :<\/p><ul><li>Intervenir face \u00e0 une situation d\u2019accident du travail ;<\/li><li>Mettre en application ses comp\u00e9tences de SST au service de la pr\u00e9vention des risques<br \/>professionnels dans son entreprise.<\/li><\/ul><h4><strong><br \/>CONTENU<\/strong><\/h4><p>&#8211; Pr\u00e9sentation de la formation ;<br \/>&#8211; Retours d\u2019exp\u00e9riences sur les actions men\u00e9es en pr\u00e9vention et en secours ;<br \/>&#8211; Actualisation des comp\u00e9tences du Sauveteur Secouriste du Travail.<\/p><p>Intervenir face \u00e0 une situation d\u2019accident du travail :<\/p><ul><li>Situer le cadre juridique de son intervention ;<\/li><li>R\u00e9aliser une protection adapt\u00e9e ;<\/li><li>Examiner la ou les victime(s) pour la<br \/>mise en \u0153uvre de l\u2019action choisie en vue du r\u00e9sultat \u00e0 obtenir ;<\/li><li>Faire alerter ou alerter en fonction de l\u2019organisation des secours dans l\u2019entreprise ;<\/li><li>Secourir la ou les victimes de mani\u00e8re appropri\u00e9e<\/li><\/ul><p><br \/>Mettre en application ses comp\u00e9tences de SST au service de la pr\u00e9vention des risques professionnels dans son entreprise :<\/p><ul><li>Situer son r\u00f4le de SST dans l\u2019organisation de la pr\u00e9vention de son entreprise ;<\/li><li>Contribuer \u00e0 la mise en \u0153uvre d\u2019actions de pr\u00e9vention ;<\/li><li>Informer les personnes d\u00e9sign\u00e9es dans le plan d\u2019organisation de la pr\u00e9vention de l\u2019entreprise de la ou les situations dangereuses rep\u00e9r\u00e9es.<\/li><\/ul><h4><strong><br \/>M\u00c9THODES &amp; SUPPORTS P\u00c9DAGOGIQUES<\/strong><\/h4><ul><li>Alternance d&rsquo;apports th\u00e9oriques et de pratique<ul><li>Manipulation sur mannequins et d\u00e9fibrillateur de formation<\/li><li>Mises en situation<\/li><\/ul><\/li><li>Nos formateurs disposent de leur propre mat\u00e9riel (PC portable, vid\u00e9o projecteur, mannequins RCP adulte\/enfant\/nourrisson, d\u00e9fibrillateur de formation, maquillage et petit mat\u00e9riel p\u00e9dagogique pour les mises en situation, gants, protections buccales, documents ressources\u2026).<\/li><\/ul>\t\t\t\t\t\t<\/div>\n\t\t\t\t<\/div>\n\t\t\t\t<\/div>\n\t\t\t\t\t<\/div>\n\t\t\t\t<\/div>\n\t\t\t\t<\/div>\n\t\t","protected":false},"excerpt":{"rendered":"<p>La formation MAC SST est obligatoire pour tous les sauveteurs secouristes du travail et doit \u00eatre r\u00e9alis\u00e9e tous les deux ans, ALiiS vous accompagne<\/p>\n","protected":false},"author":2,"featured_media":0,"parent":0,"menu_order":0,"comment_status":"closed","ping_status":"closed","template":"","meta":{"footnotes":""},"class_list":["post-600","page","type-page","status-publish","hentry"],"yoast_head":"<!-- This site is optimized with the Yoast SEO plugin v23.0 - https:\/\/yoast.com\/wordpress\/plugins\/seo\/ -->\n<title>Formation Secourisme MAC SST Recyclage<\/title>\n<meta name=\"description\" content=\"La formation MAC SST est obligatoire pour tous les sauveteurs secouristes du travail et doit \u00eatre r\u00e9alis\u00e9e tous les deux ans\" \/>\n<meta name=\"robots\" content=\"index, follow, max-snippet:-1, max-image-preview:large, max-video-preview:-1\" \/>\n<link rel=\"canonical\" href=\"https:\/\/aliis-formation.com\/index.php\/formation-secourisme-mac-sst-recyclage\/\" \/>\n<meta property=\"og:locale\" content=\"fr_FR\" \/>\n<meta property=\"og:type\" content=\"article\" \/>\n<meta property=\"og:title\" content=\"Formation Secourisme MAC SST Recyclage\" \/>\n<meta property=\"og:description\" content=\"La formation MAC SST est obligatoire pour tous les sauveteurs secouristes du travail et doit \u00eatre r\u00e9alis\u00e9e tous les deux ans\" \/>\n<meta property=\"og:url\" content=\"https:\/\/aliis-formation.com\/index.php\/formation-secourisme-mac-sst-recyclage\/\" \/>\n<meta property=\"og:site_name\" content=\"ALiiS formation\" \/>\n<meta property=\"article:modified_time\" content=\"2024-07-10T13:26:30+00:00\" \/>\n<meta property=\"og:image\" content=\"https:\/\/aliis-formation.com\/wp-content\/uploads\/2024\/03\/iStock-1330359286-scaled.jpg\" \/>\n<meta name=\"twitter:card\" content=\"summary_large_image\" \/>\n<meta name=\"twitter:label1\" content=\"Dur\u00e9e de lecture estim\u00e9e\" \/>\n\t<meta name=\"twitter:data1\" content=\"3 minutes\" \/>\n<script type=\"application\/ld+json\" class=\"yoast-schema-graph\">{\"@context\":\"https:\/\/schema.org\",\"@graph\":[{\"@type\":\"WebPage\",\"@id\":\"https:\/\/aliis-formation.com\/index.php\/formation-secourisme-mac-sst-recyclage\/\",\"url\":\"https:\/\/aliis-formation.com\/index.php\/formation-secourisme-mac-sst-recyclage\/\",\"name\":\"Formation Secourisme MAC SST Recyclage\",\"isPartOf\":{\"@id\":\"https:\/\/aliis-formation.com\/#website\"},\"primaryImageOfPage\":{\"@id\":\"https:\/\/aliis-formation.com\/index.php\/formation-secourisme-mac-sst-recyclage\/#primaryimage\"},\"image\":{\"@id\":\"https:\/\/aliis-formation.com\/index.php\/formation-secourisme-mac-sst-recyclage\/#primaryimage\"},\"thumbnailUrl\":\"https:\/\/aliis-formation.com\/wp-content\/uploads\/2024\/03\/iStock-1330359286-scaled.jpg\",\"datePublished\":\"2024-02-15T20:26:20+00:00\",\"dateModified\":\"2024-07-10T13:26:30+00:00\",\"description\":\"La formation MAC SST est obligatoire pour tous les sauveteurs secouristes du travail et doit \u00eatre r\u00e9alis\u00e9e tous les deux ans\",\"breadcrumb\":{\"@id\":\"https:\/\/aliis-formation.com\/index.php\/formation-secourisme-mac-sst-recyclage\/#breadcrumb\"},\"inLanguage\":\"fr-FR\",\"potentialAction\":[{\"@type\":\"ReadAction\",\"target\":[\"https:\/\/aliis-formation.com\/index.php\/formation-secourisme-mac-sst-recyclage\/\"]}]},{\"@type\":\"ImageObject\",\"inLanguage\":\"fr-FR\",\"@id\":\"https:\/\/aliis-formation.com\/index.php\/formation-secourisme-mac-sst-recyclage\/#primaryimage\",\"url\":\"https:\/\/aliis-formation.com\/wp-content\/uploads\/2024\/03\/iStock-1330359286-scaled.jpg\",\"contentUrl\":\"https:\/\/aliis-formation.com\/wp-content\/uploads\/2024\/03\/iStock-1330359286-scaled.jpg\",\"width\":2560,\"height\":1703,\"caption\":\"Safety team help a construction worker who has an accident.\"},{\"@type\":\"BreadcrumbList\",\"@id\":\"https:\/\/aliis-formation.com\/index.php\/formation-secourisme-mac-sst-recyclage\/#breadcrumb\",\"itemListElement\":[{\"@type\":\"ListItem\",\"position\":1,\"name\":\"Accueil\",\"item\":\"https:\/\/aliis-formation.com\/\"},{\"@type\":\"ListItem\",\"position\":2,\"name\":\"Formation Secourisme MAC SST Recyclage\"}]},{\"@type\":\"WebSite\",\"@id\":\"https:\/\/aliis-formation.com\/#website\",\"url\":\"https:\/\/aliis-formation.com\/\",\"name\":\"ALiiS formation\",\"description\":\"\",\"publisher\":{\"@id\":\"https:\/\/aliis-formation.com\/#organization\"},\"potentialAction\":[{\"@type\":\"SearchAction\",\"target\":{\"@type\":\"EntryPoint\",\"urlTemplate\":\"https:\/\/aliis-formation.com\/?s={search_term_string}\"},\"query-input\":\"required name=search_term_string\"}],\"inLanguage\":\"fr-FR\"},{\"@type\":\"Organization\",\"@id\":\"https:\/\/aliis-formation.com\/#organization\",\"name\":\"ALiiS formation\",\"url\":\"https:\/\/aliis-formation.com\/\",\"logo\":{\"@type\":\"ImageObject\",\"inLanguage\":\"fr-FR\",\"@id\":\"https:\/\/aliis-formation.com\/#\/schema\/logo\/image\/\",\"url\":\"https:\/\/aliis-formation.com\/wp-content\/uploads\/2023\/12\/LOGO-PORTRAIT-COULEUR-FOND-TRANSPARENT.svg\",\"contentUrl\":\"https:\/\/aliis-formation.com\/wp-content\/uploads\/2023\/12\/LOGO-PORTRAIT-COULEUR-FOND-TRANSPARENT.svg\",\"width\":4251,\"height\":1241,\"caption\":\"ALiiS formation\"},\"image\":{\"@id\":\"https:\/\/aliis-formation.com\/#\/schema\/logo\/image\/\"}}]}<\/script>\n<!-- \/ Yoast SEO plugin. -->","yoast_head_json":{"title":"Formation Secourisme MAC SST Recyclage","description":"La formation MAC SST est obligatoire pour tous les sauveteurs secouristes du travail et doit \u00eatre r\u00e9alis\u00e9e tous les deux ans","robots":{"index":"index","follow":"follow","max-snippet":"max-snippet:-1","max-image-preview":"max-image-preview:large","max-video-preview":"max-video-preview:-1"},"canonical":"https:\/\/aliis-formation.com\/index.php\/formation-secourisme-mac-sst-recyclage\/","og_locale":"fr_FR","og_type":"article","og_title":"Formation Secourisme MAC SST Recyclage","og_description":"La formation MAC SST est obligatoire pour tous les sauveteurs secouristes du travail et doit \u00eatre r\u00e9alis\u00e9e tous les deux ans","og_url":"https:\/\/aliis-formation.com\/index.php\/formation-secourisme-mac-sst-recyclage\/","og_site_name":"ALiiS formation","article_modified_time":"2024-07-10T13:26:30+00:00","og_image":[{"url":"https:\/\/aliis-formation.com\/wp-content\/uploads\/2024\/03\/iStock-1330359286-scaled.jpg"}],"twitter_card":"summary_large_image","twitter_misc":{"Dur\u00e9e de lecture estim\u00e9e":"3 minutes"},"schema":{"@context":"https:\/\/schema.org","@graph":[{"@type":"WebPage","@id":"https:\/\/aliis-formation.com\/index.php\/formation-secourisme-mac-sst-recyclage\/","url":"https:\/\/aliis-formation.com\/index.php\/formation-secourisme-mac-sst-recyclage\/","name":"Formation Secourisme MAC SST Recyclage","isPartOf":{"@id":"https:\/\/aliis-formation.com\/#website"},"primaryImageOfPage":{"@id":"https:\/\/aliis-formation.com\/index.php\/formation-secourisme-mac-sst-recyclage\/#primaryimage"},"image":{"@id":"https:\/\/aliis-formation.com\/index.php\/formation-secourisme-mac-sst-recyclage\/#primaryimage"},"thumbnailUrl":"https:\/\/aliis-formation.com\/wp-content\/uploads\/2024\/03\/iStock-1330359286-scaled.jpg","datePublished":"2024-02-15T20:26:20+00:00","dateModified":"2024-07-10T13:26:30+00:00","description":"La formation MAC SST est obligatoire pour tous les sauveteurs secouristes du travail et doit \u00eatre r\u00e9alis\u00e9e tous les deux ans","breadcrumb":{"@id":"https:\/\/aliis-formation.com\/index.php\/formation-secourisme-mac-sst-recyclage\/#breadcrumb"},"inLanguage":"fr-FR","potentialAction":[{"@type":"ReadAction","target":["https:\/\/aliis-formation.com\/index.php\/formation-secourisme-mac-sst-recyclage\/"]}]},{"@type":"ImageObject","inLanguage":"fr-FR","@id":"https:\/\/aliis-formation.com\/index.php\/formation-secourisme-mac-sst-recyclage\/#primaryimage","url":"https:\/\/aliis-formation.com\/wp-content\/uploads\/2024\/03\/iStock-1330359286-scaled.jpg","contentUrl":"https:\/\/aliis-formation.com\/wp-content\/uploads\/2024\/03\/iStock-1330359286-scaled.jpg","width":2560,"height":1703,"caption":"Safety team help a construction worker who has an accident."},{"@type":"BreadcrumbList","@id":"https:\/\/aliis-formation.com\/index.php\/formation-secourisme-mac-sst-recyclage\/#breadcrumb","itemListElement":[{"@type":"ListItem","position":1,"name":"Accueil","item":"https:\/\/aliis-formation.com\/"},{"@type":"ListItem","position":2,"name":"Formation Secourisme MAC SST Recyclage"}]},{"@type":"WebSite","@id":"https:\/\/aliis-formation.com\/#website","url":"https:\/\/aliis-formation.com\/","name":"ALiiS formation","description":"","publisher":{"@id":"https:\/\/aliis-formation.com\/#organization"},"potentialAction":[{"@type":"SearchAction","target":{"@type":"EntryPoint","urlTemplate":"https:\/\/aliis-formation.com\/?s={search_term_string}"},"query-input":"required name=search_term_string"}],"inLanguage":"fr-FR"},{"@type":"Organization","@id":"https:\/\/aliis-formation.com\/#organization","name":"ALiiS formation","url":"https:\/\/aliis-formation.com\/","logo":{"@type":"ImageObject","inLanguage":"fr-FR","@id":"https:\/\/aliis-formation.com\/#\/schema\/logo\/image\/","url":"https:\/\/aliis-formation.com\/wp-content\/uploads\/2023\/12\/LOGO-PORTRAIT-COULEUR-FOND-TRANSPARENT.svg","contentUrl":"https:\/\/aliis-formation.com\/wp-content\/uploads\/2023\/12\/LOGO-PORTRAIT-COULEUR-FOND-TRANSPARENT.svg","width":4251,"height":1241,"caption":"ALiiS formation"},"image":{"@id":"https:\/\/aliis-formation.com\/#\/schema\/logo\/image\/"}}]}},"_links":{"self":[{"href":"https:\/\/aliis-formation.com\/index.php\/wp-json\/wp\/v2\/pages\/600","targetHints":{"allow":["GET"]}}],"collection":[{"href":"https:\/\/aliis-formation.com\/index.php\/wp-json\/wp\/v2\/pages"}],"about":[{"href":"https:\/\/aliis-formation.com\/index.php\/wp-json\/wp\/v2\/types\/page"}],"author":[{"embeddable":true,"href":"https:\/\/aliis-formation.com\/index.php\/wp-json\/wp\/v2\/users\/2"}],"replies":[{"embeddable":true,"href":"https:\/\/aliis-formation.com\/index.php\/wp-json\/wp\/v2\/comments?post=600"}],"version-history":[{"count":106,"href":"https:\/\/aliis-formation.com\/index.php\/wp-json\/wp\/v2\/pages\/600\/revisions"}],"predecessor-version":[{"id":1667,"href":"https:\/\/aliis-formation.com\/index.php\/wp-json\/wp\/v2\/pages\/600\/revisions\/1667"}],"wp:attachment":[{"href":"https:\/\/aliis-formation.com\/index.php\/wp-json\/wp\/v2\/media?parent=600"}],"curies":[{"name":"wp","href":"https:\/\/api.w.org\/{rel}","templated":true}]}}