{"id":381,"date":"2024-01-29T22:17:54","date_gmt":"2024-01-29T21:17:54","guid":{"rendered":"http:\/\/aliisfs.cluster030.hosting.ovh.net\/?page_id=381"},"modified":"2024-07-10T15:25:32","modified_gmt":"2024-07-10T13:25:32","slug":"formation-secourisme-sst-initiale","status":"publish","type":"page","link":"https:\/\/aliis-formation.com\/index.php\/formation-secourisme-sst-initiale\/","title":{"rendered":"Formation Secourisme SST initiale"},"content":{"rendered":"\t\t<div data-elementor-type=\"wp-page\" data-elementor-id=\"381\" class=\"elementor elementor-381\">\n\t\t\t\t<div class=\"elementor-element elementor-element-2f0be93 e-flex e-con-boxed e-con e-parent\" data-id=\"2f0be93\" data-element_type=\"container\">\n\t\t\t\t\t<div class=\"e-con-inner\">\n\t\t<div class=\"elementor-element elementor-element-9fae303 e-con-full e-flex e-con e-child\" data-id=\"9fae303\" data-element_type=\"container\">\n\t\t\t\t<div class=\"elementor-element elementor-element-bcddb4b elementor-widget elementor-widget-image\" data-id=\"bcddb4b\" data-element_type=\"widget\" data-widget_type=\"image.default\">\n\t\t\t\t<div class=\"elementor-widget-container\">\n\t\t\t<style>\/*! elementor - v3.22.0 - 26-06-2024 *\/\n.elementor-widget-image{text-align:center}.elementor-widget-image a{display:inline-block}.elementor-widget-image a img[src$=\".svg\"]{width:48px}.elementor-widget-image img{vertical-align:middle;display:inline-block}<\/style>\t\t\t\t\t\t\t\t\t\t<img fetchpriority=\"high\" decoding=\"async\" width=\"1706\" height=\"1403\" src=\"https:\/\/aliis-formation.com\/wp-content\/uploads\/2024\/06\/pexels-raven-domingo-66737910-11655091-scaled-e1718190239387.jpg\" class=\"attachment-full size-full wp-image-1403\" alt=\"\" srcset=\"https:\/\/aliis-formation.com\/wp-content\/uploads\/2024\/06\/pexels-raven-domingo-66737910-11655091-scaled-e1718190239387.jpg 1706w, https:\/\/aliis-formation.com\/wp-content\/uploads\/2024\/06\/pexels-raven-domingo-66737910-11655091-scaled-e1718190239387-300x247.jpg 300w, https:\/\/aliis-formation.com\/wp-content\/uploads\/2024\/06\/pexels-raven-domingo-66737910-11655091-scaled-e1718190239387-1024x842.jpg 1024w, https:\/\/aliis-formation.com\/wp-content\/uploads\/2024\/06\/pexels-raven-domingo-66737910-11655091-scaled-e1718190239387-768x632.jpg 768w, https:\/\/aliis-formation.com\/wp-content\/uploads\/2024\/06\/pexels-raven-domingo-66737910-11655091-scaled-e1718190239387-1536x1263.jpg 1536w\" sizes=\"(max-width: 1706px) 100vw, 1706px\" \/>\t\t\t\t\t\t\t\t\t\t\t\t\t<\/div>\n\t\t\t\t<\/div>\n\t\t\t\t<\/div>\n\t\t<div class=\"elementor-element elementor-element-40fae16 e-con-full e-flex e-con e-child\" data-id=\"40fae16\" data-element_type=\"container\">\n\t\t\t\t<div class=\"elementor-element elementor-element-0630f31 elementor-widget elementor-widget-heading\" data-id=\"0630f31\" data-element_type=\"widget\" data-widget_type=\"heading.default\">\n\t\t\t\t<div class=\"elementor-widget-container\">\n\t\t\t<style>\/*! elementor - v3.22.0 - 26-06-2024 *\/\n.elementor-heading-title{padding:0;margin:0;line-height:1}.elementor-widget-heading .elementor-heading-title[class*=elementor-size-]>a{color:inherit;font-size:inherit;line-height:inherit}.elementor-widget-heading .elementor-heading-title.elementor-size-small{font-size:15px}.elementor-widget-heading .elementor-heading-title.elementor-size-medium{font-size:19px}.elementor-widget-heading .elementor-heading-title.elementor-size-large{font-size:29px}.elementor-widget-heading .elementor-heading-title.elementor-size-xl{font-size:39px}.elementor-widget-heading .elementor-heading-title.elementor-size-xxl{font-size:59px}<\/style><h1 class=\"elementor-heading-title elementor-size-default\">Formation SST <\/br>Sauveteur Secouriste du Travail<\/h1>\t\t<\/div>\n\t\t\t\t<\/div>\n\t\t\t\t<div class=\"elementor-element elementor-element-47b43f1 elementor-widget elementor-widget-heading\" data-id=\"47b43f1\" data-element_type=\"widget\" data-widget_type=\"heading.default\">\n\t\t\t\t<div class=\"elementor-widget-container\">\n\t\t\t<h2 class=\"elementor-heading-title elementor-size-default\">Secourisme<\/h2>\t\t<\/div>\n\t\t\t\t<\/div>\n\t\t\t\t<\/div>\n\t\t\t\t\t<\/div>\n\t\t\t\t<\/div>\n\t\t<div class=\"elementor-element elementor-element-a332cfa e-flex e-con-boxed e-con e-parent\" data-id=\"a332cfa\" data-element_type=\"container\">\n\t\t\t\t\t<div class=\"e-con-inner\">\n\t\t\t\t<div class=\"elementor-element elementor-element-e48c852 elementor-widget elementor-widget-heading\" data-id=\"e48c852\" data-element_type=\"widget\" data-widget_type=\"heading.default\">\n\t\t\t\t<div class=\"elementor-widget-container\">\n\t\t\t<h2 class=\"elementor-heading-title elementor-size-default\">La formation Sauveteur Secouriste du Travail (SST) que nous vous proposons vous permettra de ma\u00eetriser les gestes de premiers secours et de devenir acteur de la pr\u00e9vention au sein de votre entreprise. C'est une obligation l\u00e9gale conform\u00e9ment \u00e0 l'Article R4224-15 du code du travail.<br><br>Le Code du travail exige en effet que l'employeur organise les soins d'urgence \u00e0 donner aux salari\u00e9s accident\u00e9s ou malades. Cette formation s'inscrit dans le plan de pr\u00e9vention des risques qui comprend diverses actions de formation.\nLa s\u00e9curit\u00e9 au travail et la r\u00e9duction des risques d\u2019accidents sont un enjeu important pour les employeurs comme pour les salari\u00e9s. Cette organisation est r\u00e9alis\u00e9e en prenant en compte l\u2019avis du m\u00e9decin du travail et encadr\u00e9e par la CNAM et r\u00e9glement\u00e9e par l'INRS. Cette formation aborde les deux r\u00f4les du SAUVETEUR SECOURISTE DU TRAVAIL : \u00eatre acteur de la pr\u00e9vention et savoir r\u00e9agir lors d'un accident du travail. La pratique se concentrera sur les gestes de premiers secours : exercice du type massage cardiaque \/ r\u00e9animation, premiers soins \u00e0 apporter \u00e0 une victime, utilisation du d\u00e9fibrillateur (DSA) et premiers gestes de survie.\n<br><br>ALiiS est habilit\u00e9 par l'INRS \u00e0 former les SST en entreprise et \u00e0 assurer le recyclage p\u00e9riodique, ou MAC, du certificat de sauveteur secouriste du travail. \nEn compl\u00e9ment de cette formation SST, nous proposons plusieurs formations en premiers secours ou en s\u00e9curit\u00e9 incendie vous permettant ainsi de r\u00e9pondre \u00e0 vos obligations l\u00e9gales.<br><\/h2>\t\t<\/div>\n\t\t\t\t<\/div>\n\t\t\t\t<div class=\"elementor-element elementor-element-49519b3 elementor-widget elementor-widget-counter\" data-id=\"49519b3\" data-element_type=\"widget\" data-widget_type=\"counter.default\">\n\t\t\t\t<div class=\"elementor-widget-container\">\n\t\t\t<style>\/*! elementor - v3.22.0 - 26-06-2024 *\/\n.elementor-counter{display:flex;justify-content:center;align-items:stretch;flex-direction:column-reverse}.elementor-counter .elementor-counter-number{flex-grow:var(--counter-number-grow,0)}.elementor-counter .elementor-counter-number-wrapper{flex:1;display:flex;font-size:69px;font-weight:600;line-height:1;text-align:center}.elementor-counter .elementor-counter-number-prefix{text-align:end;flex-grow:var(--counter-prefix-grow,1);white-space:pre-wrap}.elementor-counter .elementor-counter-number-suffix{text-align:start;flex-grow:var(--counter-suffix-grow,1);white-space:pre-wrap}.elementor-counter .elementor-counter-title{flex:1;display:flex;justify-content:center;align-items:center;margin:0;padding:0;font-size:19px;font-weight:400;line-height:2.5}<\/style>\t\t<div class=\"elementor-counter\">\n\t\t\t<div class=\"elementor-counter-title\">TAUX DE R\u00c9USSITE (2024)<\/div>\t\t\t<div class=\"elementor-counter-number-wrapper\">\n\t\t\t\t<span class=\"elementor-counter-number-prefix\"><\/span>\n\t\t\t\t<span class=\"elementor-counter-number\" data-duration=\"1000\" data-to-value=\"98\" data-from-value=\"0\" data-delimiter=\",\">0<\/span>\n\t\t\t\t<span class=\"elementor-counter-number-suffix\">%<\/span>\n\t\t\t<\/div>\n\t\t<\/div>\n\t\t\t\t<\/div>\n\t\t\t\t<\/div>\n\t\t\t\t\t<\/div>\n\t\t\t\t<\/div>\n\t\t<div class=\"elementor-element elementor-element-1f96aa1 e-flex e-con-boxed e-con e-parent\" data-id=\"1f96aa1\" data-element_type=\"container\">\n\t\t\t\t\t<div class=\"e-con-inner\">\n\t\t<div class=\"elementor-element elementor-element-d611ab1 e-con-full e-flex e-con e-child\" data-id=\"d611ab1\" data-element_type=\"container\" data-settings=\"{&quot;background_background&quot;:&quot;classic&quot;}\">\n\t\t\t\t<div class=\"elementor-element elementor-element-f756007 elementor-widget elementor-widget-text-editor\" data-id=\"f756007\" data-element_type=\"widget\" data-widget_type=\"text-editor.default\">\n\t\t\t\t<div class=\"elementor-widget-container\">\n\t\t\t<style>\/*! elementor - v3.22.0 - 26-06-2024 *\/\n.elementor-widget-text-editor.elementor-drop-cap-view-stacked .elementor-drop-cap{background-color:#69727d;color:#fff}.elementor-widget-text-editor.elementor-drop-cap-view-framed .elementor-drop-cap{color:#69727d;border:3px solid;background-color:transparent}.elementor-widget-text-editor:not(.elementor-drop-cap-view-default) .elementor-drop-cap{margin-top:8px}.elementor-widget-text-editor:not(.elementor-drop-cap-view-default) .elementor-drop-cap-letter{width:1em;height:1em}.elementor-widget-text-editor .elementor-drop-cap{float:left;text-align:center;line-height:1;font-size:50px}.elementor-widget-text-editor .elementor-drop-cap-letter{display:inline-block}<\/style>\t\t\t\t<p><span style=\"text-decoration: underline;\"><strong>Public concern\u00e9<\/strong><\/span><br>Toute personne devant exercer la fonction de SST dans son \u00e9tablissement.<\/p>\n<p><span style=\"text-decoration: underline;\"><strong>Pr\u00e9-requis<\/strong><\/span><br>Ma\u00eetriser la langue fran\u00e7aise.<\/p>\n<p><span style=\"text-decoration: underline;\"><strong>Dur\u00e9e<\/strong><\/span><br>14h sur deux journ\u00e9es.<\/p>\n<p><span style=\"text-decoration: underline;\"><strong>Validation<\/strong><\/span><br>&#8211; Certificat SST d\u00e9livr\u00e9 au candidat ayant particip\u00e9 activement \u00e0 l\u2019ensemble de la formation et ayant satisfait \u00e0 l\u2019\u00e9valuation des comp\u00e9tences SST (grille certificative INRS)<br>&#8211; Certification d&rsquo;une validit\u00e9 de 24 mois<br>&#8211; Attestation des comp\u00e9tences acquises au cours de la formation.<\/p>\n<p><span style=\"text-decoration: underline;\"><strong>Modalit\u00e9s et co\u00fbt de la formation<\/strong><\/span><br>&#8211; Groupe de 4 \u00e0 10 participants<br>&#8211; Formation non modulable (ne dispense qu&rsquo;un bloc de comp\u00e9tences)<br>&#8211; Formation accessible aux personnes \u00e0 mobilit\u00e9 r\u00e9duite et\/ou autres sp\u00e9cificit\u00e9s.<\/p>\n<p><span style=\"text-decoration: underline;\"><strong>Nos formateurs<\/strong><\/span><br>Formateurs SST certifi\u00e9s par l\u2019INRS.<\/p>\t\t\t\t\t\t<\/div>\n\t\t\t\t<\/div>\n\t\t\t\t<div class=\"elementor-element elementor-element-a7d0b0e elementor-align-center elementor-invisible elementor-widget elementor-widget-button\" data-id=\"a7d0b0e\" data-element_type=\"widget\" data-settings=\"{&quot;_animation&quot;:&quot;fadeIn&quot;,&quot;_animation_delay&quot;:400}\" data-widget_type=\"button.default\">\n\t\t\t\t<div class=\"elementor-widget-container\">\n\t\t\t\t\t<div class=\"elementor-button-wrapper\">\n\t\t\t<a class=\"elementor-button elementor-button-link elementor-size-sm\" href=\"\/index.php\/contact\/\">\n\t\t\t\t\t\t<span class=\"elementor-button-content-wrapper\">\n\t\t\t\t\t\t\t\t\t<span class=\"elementor-button-text\">JE DEMANDE UN DEVIS<\/span>\n\t\t\t\t\t<\/span>\n\t\t\t\t\t<\/a>\n\t\t<\/div>\n\t\t\t\t<\/div>\n\t\t\t\t<\/div>\n\t\t\t\t<\/div>\n\t\t<div class=\"elementor-element elementor-element-74cbc6a e-con-full e-flex e-con e-child\" data-id=\"74cbc6a\" data-element_type=\"container\">\n\t\t\t\t<div class=\"elementor-element elementor-element-ae58a65 elementor-widget elementor-widget-text-editor\" data-id=\"ae58a65\" data-element_type=\"widget\" data-widget_type=\"text-editor.default\">\n\t\t\t\t<div class=\"elementor-widget-container\">\n\t\t\t\t\t\t\t<h4><strong>OBJECTIFS<\/strong><\/h4><ul><li>Intervenir face \u00e0 une situation d\u2019accident du travail ;<\/li><li>Mettre en application ses comp\u00e9tences de SST au service de la pr\u00e9vention des risques professionnels dans son entreprise.<\/li><\/ul><h5><strong>\u00a0<\/strong><\/h5><h4><strong>CONTENU<\/strong><\/h4><p>Intervenir face \u00e0 une situation d\u2019accident du travail :<\/p><ul><li>Situer le cadre juridique de son intervention ;<\/li><li>R\u00e9aliser une protection adapt\u00e9e ;<\/li><li>Examiner la ou les victime(s) pour la<br \/>mise en \u0153uvre de l\u2019action choisie en vue du r\u00e9sultat \u00e0 obtenir ;<\/li><li>Faire alerter ou alerter en fonction de l\u2019organisation des secours dans l\u2019entreprise ;<\/li><li>Secourir la ou les victimes de mani\u00e8re appropri\u00e9e<\/li><\/ul><p><br \/>Mettre en application ses comp\u00e9tences de SST au service de la pr\u00e9vention des risques professionnels dans son entreprise :<\/p><ul><li>Situer son r\u00f4le de SST dans l\u2019organisation de la pr\u00e9vention de son entreprise ;<\/li><li>Contribuer \u00e0 la mise en \u0153uvre d\u2019actions de pr\u00e9vention ;<\/li><li>Informer les personnes d\u00e9sign\u00e9es dans le plan d\u2019organisation de la pr\u00e9vention de l\u2019entreprise de la ou les situations dangereuses rep\u00e9r\u00e9es.<\/li><\/ul><p>\u00a0<\/p><h4><strong>M\u00c9THODES &amp; SUPPORTS P\u00c9DAGOGIQUES<\/strong><\/h4><ul><li>Alternance d&rsquo;apports th\u00e9oriques et de pratique<ul><li>Manipulation sur mannequins et d\u00e9fibrillateur de formation<\/li><li>Mises en situation<\/li><\/ul><\/li><li>Nos formateurs disposent de leur propre mat\u00e9riel (PC portable, vid\u00e9o projecteur, mannequins RCP adulte\/enfant\/nourrisson, d\u00e9fibrillateur de formation, maquillage et petit mat\u00e9riel p\u00e9dagogique pour les mises en situation, gants, protections buccales, documents ressources\u2026).<\/li><\/ul>\t\t\t\t\t\t<\/div>\n\t\t\t\t<\/div>\n\t\t\t\t<\/div>\n\t\t\t\t\t<\/div>\n\t\t\t\t<\/div>\n\t\t\t\t<\/div>\n\t\t","protected":false},"excerpt":{"rendered":"<p>Formation SST Sauveteur Secouriste du Travail Secourisme La formation Sauveteur Secouriste du Travail (SST) que nous vous proposons vous permettra de ma\u00eetriser les gestes de premiers secours et de devenir acteur de la pr\u00e9vention au sein de votre entreprise. C&rsquo;est une obligation l\u00e9gale conform\u00e9ment \u00e0 l&rsquo;Article R4224-15 du code du travail. Le Code du travail [&hellip;]<\/p>\n","protected":false},"author":2,"featured_media":0,"parent":0,"menu_order":0,"comment_status":"closed","ping_status":"closed","template":"","meta":{"footnotes":""},"class_list":["post-381","page","type-page","status-publish","hentry"],"yoast_head":"<!-- This site is optimized with the Yoast SEO plugin v23.0 - https:\/\/yoast.com\/wordpress\/plugins\/seo\/ -->\n<title>Formation Secourisme SST initiale<\/title>\n<meta name=\"description\" content=\"La formation Sauveteur Secourisme du Travail vous permet de ma\u00eetriser les gestes de premiers secours (Article R4224-15 du code du travail).\" \/>\n<meta name=\"robots\" content=\"index, follow, max-snippet:-1, max-image-preview:large, max-video-preview:-1\" \/>\n<link rel=\"canonical\" href=\"https:\/\/aliis-formation.com\/index.php\/formation-secourisme-sst-initiale\/\" \/>\n<meta property=\"og:locale\" content=\"fr_FR\" \/>\n<meta property=\"og:type\" content=\"article\" \/>\n<meta property=\"og:title\" content=\"Formation Secourisme SST initiale\" \/>\n<meta property=\"og:description\" content=\"La formation Sauveteur Secourisme du Travail vous permet de ma\u00eetriser les gestes de premiers secours (Article R4224-15 du code du travail).\" \/>\n<meta property=\"og:url\" content=\"https:\/\/aliis-formation.com\/index.php\/formation-secourisme-sst-initiale\/\" \/>\n<meta property=\"og:site_name\" content=\"ALiiS formation\" \/>\n<meta property=\"article:modified_time\" content=\"2024-07-10T13:25:32+00:00\" \/>\n<meta property=\"og:image\" content=\"https:\/\/aliis-formation.com\/wp-content\/uploads\/2024\/06\/pexels-raven-domingo-66737910-11655091-scaled-e1718190239387.jpg\" \/>\n<meta name=\"twitter:card\" content=\"summary_large_image\" \/>\n<meta name=\"twitter:label1\" content=\"Dur\u00e9e de lecture estim\u00e9e\" \/>\n\t<meta name=\"twitter:data1\" content=\"3 minutes\" \/>\n<script type=\"application\/ld+json\" class=\"yoast-schema-graph\">{\"@context\":\"https:\/\/schema.org\",\"@graph\":[{\"@type\":\"WebPage\",\"@id\":\"https:\/\/aliis-formation.com\/index.php\/formation-secourisme-sst-initiale\/\",\"url\":\"https:\/\/aliis-formation.com\/index.php\/formation-secourisme-sst-initiale\/\",\"name\":\"Formation Secourisme SST initiale\",\"isPartOf\":{\"@id\":\"https:\/\/aliis-formation.com\/#website\"},\"primaryImageOfPage\":{\"@id\":\"https:\/\/aliis-formation.com\/index.php\/formation-secourisme-sst-initiale\/#primaryimage\"},\"image\":{\"@id\":\"https:\/\/aliis-formation.com\/index.php\/formation-secourisme-sst-initiale\/#primaryimage\"},\"thumbnailUrl\":\"https:\/\/aliis-formation.com\/wp-content\/uploads\/2024\/06\/pexels-raven-domingo-66737910-11655091-scaled-e1718190239387.jpg\",\"datePublished\":\"2024-01-29T21:17:54+00:00\",\"dateModified\":\"2024-07-10T13:25:32+00:00\",\"description\":\"La formation Sauveteur Secourisme du Travail vous permet de ma\u00eetriser les gestes de premiers secours (Article R4224-15 du code du travail).\",\"breadcrumb\":{\"@id\":\"https:\/\/aliis-formation.com\/index.php\/formation-secourisme-sst-initiale\/#breadcrumb\"},\"inLanguage\":\"fr-FR\",\"potentialAction\":[{\"@type\":\"ReadAction\",\"target\":[\"https:\/\/aliis-formation.com\/index.php\/formation-secourisme-sst-initiale\/\"]}]},{\"@type\":\"ImageObject\",\"inLanguage\":\"fr-FR\",\"@id\":\"https:\/\/aliis-formation.com\/index.php\/formation-secourisme-sst-initiale\/#primaryimage\",\"url\":\"https:\/\/aliis-formation.com\/wp-content\/uploads\/2024\/06\/pexels-raven-domingo-66737910-11655091-scaled-e1718190239387.jpg\",\"contentUrl\":\"https:\/\/aliis-formation.com\/wp-content\/uploads\/2024\/06\/pexels-raven-domingo-66737910-11655091-scaled-e1718190239387.jpg\",\"width\":1706,\"height\":1403},{\"@type\":\"BreadcrumbList\",\"@id\":\"https:\/\/aliis-formation.com\/index.php\/formation-secourisme-sst-initiale\/#breadcrumb\",\"itemListElement\":[{\"@type\":\"ListItem\",\"position\":1,\"name\":\"Accueil\",\"item\":\"https:\/\/aliis-formation.com\/\"},{\"@type\":\"ListItem\",\"position\":2,\"name\":\"Formation Secourisme SST initiale\"}]},{\"@type\":\"WebSite\",\"@id\":\"https:\/\/aliis-formation.com\/#website\",\"url\":\"https:\/\/aliis-formation.com\/\",\"name\":\"ALiiS formation\",\"description\":\"\",\"publisher\":{\"@id\":\"https:\/\/aliis-formation.com\/#organization\"},\"potentialAction\":[{\"@type\":\"SearchAction\",\"target\":{\"@type\":\"EntryPoint\",\"urlTemplate\":\"https:\/\/aliis-formation.com\/?s={search_term_string}\"},\"query-input\":\"required name=search_term_string\"}],\"inLanguage\":\"fr-FR\"},{\"@type\":\"Organization\",\"@id\":\"https:\/\/aliis-formation.com\/#organization\",\"name\":\"ALiiS formation\",\"url\":\"https:\/\/aliis-formation.com\/\",\"logo\":{\"@type\":\"ImageObject\",\"inLanguage\":\"fr-FR\",\"@id\":\"https:\/\/aliis-formation.com\/#\/schema\/logo\/image\/\",\"url\":\"https:\/\/aliis-formation.com\/wp-content\/uploads\/2023\/12\/LOGO-PORTRAIT-COULEUR-FOND-TRANSPARENT.svg\",\"contentUrl\":\"https:\/\/aliis-formation.com\/wp-content\/uploads\/2023\/12\/LOGO-PORTRAIT-COULEUR-FOND-TRANSPARENT.svg\",\"width\":4251,\"height\":1241,\"caption\":\"ALiiS formation\"},\"image\":{\"@id\":\"https:\/\/aliis-formation.com\/#\/schema\/logo\/image\/\"}}]}<\/script>\n<!-- \/ Yoast SEO plugin. -->","yoast_head_json":{"title":"Formation Secourisme SST initiale","description":"La formation Sauveteur Secourisme du Travail vous permet de ma\u00eetriser les gestes de premiers secours (Article R4224-15 du code du travail).","robots":{"index":"index","follow":"follow","max-snippet":"max-snippet:-1","max-image-preview":"max-image-preview:large","max-video-preview":"max-video-preview:-1"},"canonical":"https:\/\/aliis-formation.com\/index.php\/formation-secourisme-sst-initiale\/","og_locale":"fr_FR","og_type":"article","og_title":"Formation Secourisme SST initiale","og_description":"La formation Sauveteur Secourisme du Travail vous permet de ma\u00eetriser les gestes de premiers secours (Article R4224-15 du code du travail).","og_url":"https:\/\/aliis-formation.com\/index.php\/formation-secourisme-sst-initiale\/","og_site_name":"ALiiS formation","article_modified_time":"2024-07-10T13:25:32+00:00","og_image":[{"url":"https:\/\/aliis-formation.com\/wp-content\/uploads\/2024\/06\/pexels-raven-domingo-66737910-11655091-scaled-e1718190239387.jpg"}],"twitter_card":"summary_large_image","twitter_misc":{"Dur\u00e9e de lecture estim\u00e9e":"3 minutes"},"schema":{"@context":"https:\/\/schema.org","@graph":[{"@type":"WebPage","@id":"https:\/\/aliis-formation.com\/index.php\/formation-secourisme-sst-initiale\/","url":"https:\/\/aliis-formation.com\/index.php\/formation-secourisme-sst-initiale\/","name":"Formation Secourisme SST initiale","isPartOf":{"@id":"https:\/\/aliis-formation.com\/#website"},"primaryImageOfPage":{"@id":"https:\/\/aliis-formation.com\/index.php\/formation-secourisme-sst-initiale\/#primaryimage"},"image":{"@id":"https:\/\/aliis-formation.com\/index.php\/formation-secourisme-sst-initiale\/#primaryimage"},"thumbnailUrl":"https:\/\/aliis-formation.com\/wp-content\/uploads\/2024\/06\/pexels-raven-domingo-66737910-11655091-scaled-e1718190239387.jpg","datePublished":"2024-01-29T21:17:54+00:00","dateModified":"2024-07-10T13:25:32+00:00","description":"La formation Sauveteur Secourisme du Travail vous permet de ma\u00eetriser les gestes de premiers secours (Article R4224-15 du code du travail).","breadcrumb":{"@id":"https:\/\/aliis-formation.com\/index.php\/formation-secourisme-sst-initiale\/#breadcrumb"},"inLanguage":"fr-FR","potentialAction":[{"@type":"ReadAction","target":["https:\/\/aliis-formation.com\/index.php\/formation-secourisme-sst-initiale\/"]}]},{"@type":"ImageObject","inLanguage":"fr-FR","@id":"https:\/\/aliis-formation.com\/index.php\/formation-secourisme-sst-initiale\/#primaryimage","url":"https:\/\/aliis-formation.com\/wp-content\/uploads\/2024\/06\/pexels-raven-domingo-66737910-11655091-scaled-e1718190239387.jpg","contentUrl":"https:\/\/aliis-formation.com\/wp-content\/uploads\/2024\/06\/pexels-raven-domingo-66737910-11655091-scaled-e1718190239387.jpg","width":1706,"height":1403},{"@type":"BreadcrumbList","@id":"https:\/\/aliis-formation.com\/index.php\/formation-secourisme-sst-initiale\/#breadcrumb","itemListElement":[{"@type":"ListItem","position":1,"name":"Accueil","item":"https:\/\/aliis-formation.com\/"},{"@type":"ListItem","position":2,"name":"Formation Secourisme SST initiale"}]},{"@type":"WebSite","@id":"https:\/\/aliis-formation.com\/#website","url":"https:\/\/aliis-formation.com\/","name":"ALiiS formation","description":"","publisher":{"@id":"https:\/\/aliis-formation.com\/#organization"},"potentialAction":[{"@type":"SearchAction","target":{"@type":"EntryPoint","urlTemplate":"https:\/\/aliis-formation.com\/?s={search_term_string}"},"query-input":"required name=search_term_string"}],"inLanguage":"fr-FR"},{"@type":"Organization","@id":"https:\/\/aliis-formation.com\/#organization","name":"ALiiS formation","url":"https:\/\/aliis-formation.com\/","logo":{"@type":"ImageObject","inLanguage":"fr-FR","@id":"https:\/\/aliis-formation.com\/#\/schema\/logo\/image\/","url":"https:\/\/aliis-formation.com\/wp-content\/uploads\/2023\/12\/LOGO-PORTRAIT-COULEUR-FOND-TRANSPARENT.svg","contentUrl":"https:\/\/aliis-formation.com\/wp-content\/uploads\/2023\/12\/LOGO-PORTRAIT-COULEUR-FOND-TRANSPARENT.svg","width":4251,"height":1241,"caption":"ALiiS formation"},"image":{"@id":"https:\/\/aliis-formation.com\/#\/schema\/logo\/image\/"}}]}},"_links":{"self":[{"href":"https:\/\/aliis-formation.com\/index.php\/wp-json\/wp\/v2\/pages\/381","targetHints":{"allow":["GET"]}}],"collection":[{"href":"https:\/\/aliis-formation.com\/index.php\/wp-json\/wp\/v2\/pages"}],"about":[{"href":"https:\/\/aliis-formation.com\/index.php\/wp-json\/wp\/v2\/types\/page"}],"author":[{"embeddable":true,"href":"https:\/\/aliis-formation.com\/index.php\/wp-json\/wp\/v2\/users\/2"}],"replies":[{"embeddable":true,"href":"https:\/\/aliis-formation.com\/index.php\/wp-json\/wp\/v2\/comments?post=381"}],"version-history":[{"count":161,"href":"https:\/\/aliis-formation.com\/index.php\/wp-json\/wp\/v2\/pages\/381\/revisions"}],"predecessor-version":[{"id":1664,"href":"https:\/\/aliis-formation.com\/index.php\/wp-json\/wp\/v2\/pages\/381\/revisions\/1664"}],"wp:attachment":[{"href":"https:\/\/aliis-formation.com\/index.php\/wp-json\/wp\/v2\/media?parent=381"}],"curies":[{"name":"wp","href":"https:\/\/api.w.org\/{rel}","templated":true}]}}