{"id":1688,"date":"2024-07-10T15:58:49","date_gmt":"2024-07-10T13:58:49","guid":{"rendered":"https:\/\/aliis-formation.com\/?page_id=1688"},"modified":"2024-07-10T16:27:34","modified_gmt":"2024-07-10T14:27:34","slug":"gestes-et-postures-prevention-des-tms","status":"publish","type":"page","link":"https:\/\/aliis-formation.com\/index.php\/gestes-et-postures-prevention-des-tms\/","title":{"rendered":"Formation Gestes et Postures &#8211; Pr\u00e9vention des TMS"},"content":{"rendered":"\t\t<div data-elementor-type=\"wp-page\" data-elementor-id=\"1688\" class=\"elementor elementor-1688\">\n\t\t\t\t<div class=\"elementor-element elementor-element-4b17591 e-flex e-con-boxed e-con e-parent\" data-id=\"4b17591\" data-element_type=\"container\">\n\t\t\t\t\t<div class=\"e-con-inner\">\n\t\t<div class=\"elementor-element elementor-element-e1eeb9a e-con-full e-flex e-con e-child\" data-id=\"e1eeb9a\" data-element_type=\"container\">\n\t\t\t\t<div class=\"elementor-element elementor-element-6533c50 elementor-widget elementor-widget-image\" data-id=\"6533c50\" data-element_type=\"widget\" data-widget_type=\"image.default\">\n\t\t\t\t<div class=\"elementor-widget-container\">\n\t\t\t<style>\/*! elementor - v3.22.0 - 26-06-2024 *\/\n.elementor-widget-image{text-align:center}.elementor-widget-image a{display:inline-block}.elementor-widget-image a img[src$=\".svg\"]{width:48px}.elementor-widget-image img{vertical-align:middle;display:inline-block}<\/style>\t\t\t\t\t\t\t\t\t\t<img fetchpriority=\"high\" decoding=\"async\" width=\"800\" height=\"622\" src=\"https:\/\/aliis-formation.com\/wp-content\/uploads\/2024\/07\/Firefly-un-homme-qui-a-mal-au-dos-sur-un-chantier-25252-1024x796.jpg\" class=\"attachment-large size-large wp-image-1697\" alt=\"\" srcset=\"https:\/\/aliis-formation.com\/wp-content\/uploads\/2024\/07\/Firefly-un-homme-qui-a-mal-au-dos-sur-un-chantier-25252-1024x796.jpg 1024w, https:\/\/aliis-formation.com\/wp-content\/uploads\/2024\/07\/Firefly-un-homme-qui-a-mal-au-dos-sur-un-chantier-25252-300x233.jpg 300w, https:\/\/aliis-formation.com\/wp-content\/uploads\/2024\/07\/Firefly-un-homme-qui-a-mal-au-dos-sur-un-chantier-25252-768x597.jpg 768w, https:\/\/aliis-formation.com\/wp-content\/uploads\/2024\/07\/Firefly-un-homme-qui-a-mal-au-dos-sur-un-chantier-25252-1536x1195.jpg 1536w, https:\/\/aliis-formation.com\/wp-content\/uploads\/2024\/07\/Firefly-un-homme-qui-a-mal-au-dos-sur-un-chantier-25252-2048x1593.jpg 2048w\" sizes=\"(max-width: 800px) 100vw, 800px\" \/>\t\t\t\t\t\t\t\t\t\t\t\t\t<\/div>\n\t\t\t\t<\/div>\n\t\t\t\t<\/div>\n\t\t<div class=\"elementor-element elementor-element-f8858ea e-con-full e-flex e-con e-child\" data-id=\"f8858ea\" data-element_type=\"container\">\n\t\t\t\t<div class=\"elementor-element elementor-element-442a1fa elementor-widget elementor-widget-heading\" data-id=\"442a1fa\" data-element_type=\"widget\" data-widget_type=\"heading.default\">\n\t\t\t\t<div class=\"elementor-widget-container\">\n\t\t\t<style>\/*! elementor - v3.22.0 - 26-06-2024 *\/\n.elementor-heading-title{padding:0;margin:0;line-height:1}.elementor-widget-heading .elementor-heading-title[class*=elementor-size-]>a{color:inherit;font-size:inherit;line-height:inherit}.elementor-widget-heading .elementor-heading-title.elementor-size-small{font-size:15px}.elementor-widget-heading .elementor-heading-title.elementor-size-medium{font-size:19px}.elementor-widget-heading .elementor-heading-title.elementor-size-large{font-size:29px}.elementor-widget-heading .elementor-heading-title.elementor-size-xl{font-size:39px}.elementor-widget-heading .elementor-heading-title.elementor-size-xxl{font-size:59px}<\/style><h1 class=\"elementor-heading-title elementor-size-default\">Formation <br>Pr\u00e9vention des TMS<\/h1>\t\t<\/div>\n\t\t\t\t<\/div>\n\t\t\t\t<div class=\"elementor-element elementor-element-abbe3a9 elementor-widget elementor-widget-heading\" data-id=\"abbe3a9\" data-element_type=\"widget\" data-widget_type=\"heading.default\">\n\t\t\t\t<div class=\"elementor-widget-container\">\n\t\t\t<h2 class=\"elementor-heading-title elementor-size-default\">Gestes et postures<\/h2>\t\t<\/div>\n\t\t\t\t<\/div>\n\t\t\t\t<\/div>\n\t\t\t\t\t<\/div>\n\t\t\t\t<\/div>\n\t\t<div class=\"elementor-element elementor-element-09e9732 e-flex e-con-boxed e-con e-parent\" data-id=\"09e9732\" data-element_type=\"container\">\n\t\t\t\t\t<div class=\"e-con-inner\">\n\t\t\t\t<div class=\"elementor-element elementor-element-0d6a4fa elementor-widget elementor-widget-text-editor\" data-id=\"0d6a4fa\" data-element_type=\"widget\" data-widget_type=\"text-editor.default\">\n\t\t\t\t<div class=\"elementor-widget-container\">\n\t\t\t<style>\/*! elementor - v3.22.0 - 26-06-2024 *\/\n.elementor-widget-text-editor.elementor-drop-cap-view-stacked .elementor-drop-cap{background-color:#69727d;color:#fff}.elementor-widget-text-editor.elementor-drop-cap-view-framed .elementor-drop-cap{color:#69727d;border:3px solid;background-color:transparent}.elementor-widget-text-editor:not(.elementor-drop-cap-view-default) .elementor-drop-cap{margin-top:8px}.elementor-widget-text-editor:not(.elementor-drop-cap-view-default) .elementor-drop-cap-letter{width:1em;height:1em}.elementor-widget-text-editor .elementor-drop-cap{float:left;text-align:center;line-height:1;font-size:50px}.elementor-widget-text-editor .elementor-drop-cap-letter{display:inline-block}<\/style>\t\t\t\t<p>Pourquoi r\u00e9aliser une formation Gestes et Postures\u00a0?<br \/>Bien au-del\u00e0 du simple respect de la r\u00e8glementation (Article R4541 8 du code du travail), la formation Gestes et Postures a pour objectif de lutter contre les accidents de travail li\u00e9s \u00e0 l\u2019activit\u00e9 physique en entreprise, mais surtout de lutter contre les TMS (troubles musculo-squelettiques), premi\u00e8re cause des maladies professionnelles en France.<\/p><p>En effet, 50% des accidents du travail ont pour cause la manutention manuelle et 89% des maladies professionnelles reconnues sont des TMS. A titre d\u2019exemple, la lombalgie repr\u00e9sente la premi\u00e8re cause d\u2019inaptitude avant 45 ans et 45 % des TMS entra\u00eenent des s\u00e9quelles lourdes comme des incapacit\u00e9s permanentes (source : Assurance Maladie).<\/p><p>Outre une souffrance significative pour les travailleurs affect\u00e9s, les TMS entra\u00eenent des co\u00fbts importants pour les employeurs et le syst\u00e8me de sant\u00e9\u00a0:<br \/>&#8211; 20 000\u00a0000 C\u2019est le nombre de journ\u00e9es de travail perdues \u00e0 cause des TMS<br \/>&#8211; 2 000 000 000\u20ac C\u2019est le co\u00fbt direct pour les entreprises (la moiti\u00e9 est li\u00e9e au mal de dos)<br \/>&#8211; 21 000\u20ac C\u2019est le co\u00fbt moyen d\u2019un TMS (source\u00a0: INRS)<\/p><p>Combattre ce fl\u00e9au que sont les TMS consid\u00e9r\u00e9s comme \u00ab le mal du 21 i\u00e8me si\u00e8cle \u00bb est l\u2019objectif de la formation Gestes et postures \u2013 Pr\u00e9vention des TMS propos\u00e9e par ALiiS. Conscients des sp\u00e9cificit\u00e9s de chaque m\u00e9tier, nous proposons des formations sur-mesure, en respectant les contraintes et les particularit\u00e9s des entreprises. A travers une formation unique, les employ\u00e9s seront form\u00e9s aux bons gestes et aux bonnes postures \u00e0 adopter \u00e0 leur poste de travail.<\/p><p>La qualit\u00e9 de nos formations \u00e9tant notre priorit\u00e9, nos formations Gestes et postures \u2013 Pr\u00e9vention des TMS sont dispens\u00e9es par des formateurs \/ experts, certifi\u00e9s PRAP par l\u2019INRS ou kin\u00e9sith\u00e9rapeutes DE.<\/p>\t\t\t\t\t\t<\/div>\n\t\t\t\t<\/div>\n\t\t\t\t<div class=\"elementor-element elementor-element-f1a12e4 elementor-widget elementor-widget-counter\" data-id=\"f1a12e4\" data-element_type=\"widget\" data-widget_type=\"counter.default\">\n\t\t\t\t<div class=\"elementor-widget-container\">\n\t\t\t<style>\/*! elementor - v3.22.0 - 26-06-2024 *\/\n.elementor-counter{display:flex;justify-content:center;align-items:stretch;flex-direction:column-reverse}.elementor-counter .elementor-counter-number{flex-grow:var(--counter-number-grow,0)}.elementor-counter .elementor-counter-number-wrapper{flex:1;display:flex;font-size:69px;font-weight:600;line-height:1;text-align:center}.elementor-counter .elementor-counter-number-prefix{text-align:end;flex-grow:var(--counter-prefix-grow,1);white-space:pre-wrap}.elementor-counter .elementor-counter-number-suffix{text-align:start;flex-grow:var(--counter-suffix-grow,1);white-space:pre-wrap}.elementor-counter .elementor-counter-title{flex:1;display:flex;justify-content:center;align-items:center;margin:0;padding:0;font-size:19px;font-weight:400;line-height:2.5}<\/style>\t\t<div class=\"elementor-counter\">\n\t\t\t<div class=\"elementor-counter-title\">TAUX DE SATISFACTION DES PARTICIPANTS (2024)<\/div>\t\t\t<div class=\"elementor-counter-number-wrapper\">\n\t\t\t\t<span class=\"elementor-counter-number-prefix\"><\/span>\n\t\t\t\t<span class=\"elementor-counter-number\" data-duration=\"1000\" data-to-value=\"96\" data-from-value=\"0\" data-delimiter=\",\">0<\/span>\n\t\t\t\t<span class=\"elementor-counter-number-suffix\">%<\/span>\n\t\t\t<\/div>\n\t\t<\/div>\n\t\t\t\t<\/div>\n\t\t\t\t<\/div>\n\t\t\t\t\t<\/div>\n\t\t\t\t<\/div>\n\t\t<div class=\"elementor-element elementor-element-e2eed19 e-flex e-con-boxed e-con e-parent\" data-id=\"e2eed19\" data-element_type=\"container\">\n\t\t\t\t\t<div class=\"e-con-inner\">\n\t\t<div class=\"elementor-element elementor-element-ac41b43 e-con-full e-flex e-con e-child\" data-id=\"ac41b43\" data-element_type=\"container\" data-settings=\"{&quot;background_background&quot;:&quot;classic&quot;}\">\n\t\t\t\t<div class=\"elementor-element elementor-element-4811546 elementor-widget elementor-widget-text-editor\" data-id=\"4811546\" data-element_type=\"widget\" data-widget_type=\"text-editor.default\">\n\t\t\t\t<div class=\"elementor-widget-container\">\n\t\t\t\t\t\t\t<p><span style=\"text-decoration: underline;\"><strong>Public concern\u00e9<\/strong><\/span><br \/>Toute personne expos\u00e9e aux TMS<\/p><p><span style=\"text-decoration: underline;\"><strong>Groupe de 4 \u00e0 10 participants<\/strong><\/span><\/p><p><span style=\"text-decoration: underline;\"><strong>Pr\u00e9 requis<\/strong><\/span><br \/>Aucun<\/p><p><span style=\"text-decoration: underline;\"><strong>Dur\u00e9e<\/strong><\/span><br \/>7 heures sur 1 journ\u00e9e<\/p><p><span style=\"text-decoration: underline;\"><strong>Validation<\/strong><\/span><br \/>Attestation des comp\u00e9tences acquises au cours de la formation.<\/p><p><span style=\"text-decoration: underline;\"><strong>Co\u00fbt de la formation<\/strong><\/span><br \/>Nous consulter.<\/p><p><span style=\"text-decoration: underline;\"><strong>Profil des formateurs<\/strong><\/span><br \/>Formateurs PRAP certifi\u00e9s par<br \/>l\u2019INRS ou kin\u00e9sith\u00e9rapeutes DE.<\/p><p>Formation non modulaire ne comprenant qu\u2019un bloc de comp\u00e9tences.<\/p><p>Formation qui peut s\u2019adapter aux personnes \u00e0 mobilit\u00e9 r\u00e9duite et\/ou \u00e0 sp\u00e9cificit\u00e9s.<\/p>\t\t\t\t\t\t<\/div>\n\t\t\t\t<\/div>\n\t\t\t\t<div class=\"elementor-element elementor-element-62bd9d2 elementor-align-center elementor-invisible elementor-widget elementor-widget-button\" data-id=\"62bd9d2\" data-element_type=\"widget\" data-settings=\"{&quot;_animation&quot;:&quot;fadeIn&quot;,&quot;_animation_delay&quot;:400}\" data-widget_type=\"button.default\">\n\t\t\t\t<div class=\"elementor-widget-container\">\n\t\t\t\t\t<div class=\"elementor-button-wrapper\">\n\t\t\t<a class=\"elementor-button elementor-button-link elementor-size-sm\" href=\"\/index.php\/contact\/\">\n\t\t\t\t\t\t<span class=\"elementor-button-content-wrapper\">\n\t\t\t\t\t\t\t\t\t<span class=\"elementor-button-text\">JE DEMANDE UN DEVIS<\/span>\n\t\t\t\t\t<\/span>\n\t\t\t\t\t<\/a>\n\t\t<\/div>\n\t\t\t\t<\/div>\n\t\t\t\t<\/div>\n\t\t\t\t<\/div>\n\t\t<div class=\"elementor-element elementor-element-329f7cf e-con-full e-flex e-con e-child\" data-id=\"329f7cf\" data-element_type=\"container\">\n\t\t\t\t<div class=\"elementor-element elementor-element-3cb1205 elementor-widget elementor-widget-text-editor\" data-id=\"3cb1205\" data-element_type=\"widget\" data-widget_type=\"text-editor.default\">\n\t\t\t\t<div class=\"elementor-widget-container\">\n\t\t\t\t\t\t\t<h4><strong>OBJECTIFS<\/strong><\/h4><p><strong>Pr\u00e9venir les accidents de travail et les Troubles Musculosquelettiques, en adoptant les gestes et postures <\/strong><strong>adapt\u00e9s.<\/strong><\/p><ul><li>D\u00e9finir ce que sont les TMS.<\/li><li>Reconnaitre les situations dangereuses et \u00e9valuer le risque de TMS.<\/li><li>S\u2019approprier les notions \u00e9l\u00e9mentaires d\u2019anatomie et de biom\u00e9canique et conna\u00eetre les pathologies associ\u00e9es.<\/li><li>Pratiquer un \u00e9chauffement simple et des \u00e9tirements pour le r\u00e9veil musculaire.<\/li><li>Acqu\u00e9rir les bons gestes et les bonnes postures pour le port de charges (avec et sans poids, encombrantes) et les postures adapt\u00e9es au m\u00e9tier cibl\u00e9.<\/li><\/ul><h4><strong><br \/>CONTENU<\/strong><\/h4><ul><li>Introduction sur les Troubles Musculosquelettiques<\/li><li>Notions d\u2019anatomie et de biom\u00e9canique<\/li><li>Etude cibl\u00e9e des postes de travail<\/li><li>Positions de manutentions (charge inerte)<\/li><li>Principes d\u2019\u00e9conomie d\u2019effort et de s\u00e9curit\u00e9 physique<br \/><br \/><\/li><li>S\u00e9ance de r\u00e9veil musculaire<br \/><br \/><\/li><li>Entrainement aux bons gestes et bonnes postures en manutention<\/li><\/ul><p>\u00a0<\/p><h4><strong>M\u00c9THODES &amp; SUPPORTS P\u00c9DAGOGIQUES<\/strong><\/h4><ul><li>Alternance d&rsquo;apports th\u00e9oriques et de pratique.<\/li><li>Mises en situation.<\/li><\/ul><p><br \/>Les participants doivent pr\u00e9voir les EPI dont ils disposent (chaussures de s\u00e9curit\u00e9, gants de manutention&#8230;..)<\/p><p>Nos formateurs disposent de tout le mat\u00e9riel p\u00e9dagogique n\u00e9cessaire \u00e0 cette formation.<\/p>\t\t\t\t\t\t<\/div>\n\t\t\t\t<\/div>\n\t\t\t\t<\/div>\n\t\t\t\t\t<\/div>\n\t\t\t\t<\/div>\n\t\t\t\t<\/div>\n\t\t","protected":false},"excerpt":{"rendered":"<p>Formation Pr\u00e9vention des TMS Gestes et postures Pourquoi r\u00e9aliser une formation Gestes et Postures\u00a0?Bien au-del\u00e0 du simple respect de la r\u00e8glementation (Article R4541 8 du code du travail), la formation Gestes et Postures a pour objectif de lutter contre les accidents de travail li\u00e9s \u00e0 l\u2019activit\u00e9 physique en entreprise, mais surtout de lutter contre les [&hellip;]<\/p>\n","protected":false},"author":2,"featured_media":0,"parent":0,"menu_order":0,"comment_status":"closed","ping_status":"closed","template":"","meta":{"footnotes":""},"class_list":["post-1688","page","type-page","status-publish","hentry"],"yoast_head":"<!-- This site is optimized with the Yoast SEO plugin v23.0 - https:\/\/yoast.com\/wordpress\/plugins\/seo\/ -->\n<title>Formation Gestes et Postures - Pr\u00e9vention des TMS<\/title>\n<meta name=\"description\" content=\"ALiiS vous accompagne et forme vos salari\u00e9s aux gestes simples qui permettent de limiter les risques d&#039;incendie\" \/>\n<meta name=\"robots\" content=\"index, follow, max-snippet:-1, max-image-preview:large, max-video-preview:-1\" \/>\n<link rel=\"canonical\" href=\"https:\/\/aliis-formation.com\/index.php\/gestes-et-postures-prevention-des-tms\/\" \/>\n<meta property=\"og:locale\" content=\"fr_FR\" \/>\n<meta property=\"og:type\" content=\"article\" \/>\n<meta property=\"og:title\" content=\"Formation Gestes et Postures - Pr\u00e9vention des TMS\" \/>\n<meta property=\"og:description\" content=\"ALiiS vous accompagne et forme vos salari\u00e9s aux gestes simples qui permettent de limiter les risques d&#039;incendie\" \/>\n<meta property=\"og:url\" content=\"https:\/\/aliis-formation.com\/index.php\/gestes-et-postures-prevention-des-tms\/\" \/>\n<meta property=\"og:site_name\" content=\"ALiiS formation\" \/>\n<meta property=\"article:modified_time\" content=\"2024-07-10T14:27:34+00:00\" \/>\n<meta property=\"og:image\" content=\"https:\/\/aliis-formation.com\/wp-content\/uploads\/2024\/07\/Firefly-un-homme-qui-a-mal-au-dos-sur-un-chantier-25252-1024x796.jpg\" \/>\n<meta name=\"twitter:card\" content=\"summary_large_image\" \/>\n<meta name=\"twitter:label1\" content=\"Dur\u00e9e de lecture estim\u00e9e\" \/>\n\t<meta name=\"twitter:data1\" content=\"3 minutes\" \/>\n<script type=\"application\/ld+json\" class=\"yoast-schema-graph\">{\"@context\":\"https:\/\/schema.org\",\"@graph\":[{\"@type\":\"WebPage\",\"@id\":\"https:\/\/aliis-formation.com\/index.php\/gestes-et-postures-prevention-des-tms\/\",\"url\":\"https:\/\/aliis-formation.com\/index.php\/gestes-et-postures-prevention-des-tms\/\",\"name\":\"Formation Gestes et Postures - Pr\u00e9vention des TMS\",\"isPartOf\":{\"@id\":\"https:\/\/aliis-formation.com\/#website\"},\"primaryImageOfPage\":{\"@id\":\"https:\/\/aliis-formation.com\/index.php\/gestes-et-postures-prevention-des-tms\/#primaryimage\"},\"image\":{\"@id\":\"https:\/\/aliis-formation.com\/index.php\/gestes-et-postures-prevention-des-tms\/#primaryimage\"},\"thumbnailUrl\":\"https:\/\/aliis-formation.com\/wp-content\/uploads\/2024\/07\/Firefly-un-homme-qui-a-mal-au-dos-sur-un-chantier-25252-1024x796.jpg\",\"datePublished\":\"2024-07-10T13:58:49+00:00\",\"dateModified\":\"2024-07-10T14:27:34+00:00\",\"description\":\"ALiiS vous accompagne et forme vos salari\u00e9s aux gestes simples qui permettent de limiter les risques d'incendie\",\"breadcrumb\":{\"@id\":\"https:\/\/aliis-formation.com\/index.php\/gestes-et-postures-prevention-des-tms\/#breadcrumb\"},\"inLanguage\":\"fr-FR\",\"potentialAction\":[{\"@type\":\"ReadAction\",\"target\":[\"https:\/\/aliis-formation.com\/index.php\/gestes-et-postures-prevention-des-tms\/\"]}]},{\"@type\":\"ImageObject\",\"inLanguage\":\"fr-FR\",\"@id\":\"https:\/\/aliis-formation.com\/index.php\/gestes-et-postures-prevention-des-tms\/#primaryimage\",\"url\":\"https:\/\/aliis-formation.com\/wp-content\/uploads\/2024\/07\/Firefly-un-homme-qui-a-mal-au-dos-sur-un-chantier-25252.jpg\",\"contentUrl\":\"https:\/\/aliis-formation.com\/wp-content\/uploads\/2024\/07\/Firefly-un-homme-qui-a-mal-au-dos-sur-un-chantier-25252.jpg\",\"width\":2304,\"height\":1792},{\"@type\":\"BreadcrumbList\",\"@id\":\"https:\/\/aliis-formation.com\/index.php\/gestes-et-postures-prevention-des-tms\/#breadcrumb\",\"itemListElement\":[{\"@type\":\"ListItem\",\"position\":1,\"name\":\"Accueil\",\"item\":\"https:\/\/aliis-formation.com\/\"},{\"@type\":\"ListItem\",\"position\":2,\"name\":\"Formation Gestes et Postures &#8211; Pr\u00e9vention des TMS\"}]},{\"@type\":\"WebSite\",\"@id\":\"https:\/\/aliis-formation.com\/#website\",\"url\":\"https:\/\/aliis-formation.com\/\",\"name\":\"ALiiS formation\",\"description\":\"\",\"publisher\":{\"@id\":\"https:\/\/aliis-formation.com\/#organization\"},\"potentialAction\":[{\"@type\":\"SearchAction\",\"target\":{\"@type\":\"EntryPoint\",\"urlTemplate\":\"https:\/\/aliis-formation.com\/?s={search_term_string}\"},\"query-input\":\"required name=search_term_string\"}],\"inLanguage\":\"fr-FR\"},{\"@type\":\"Organization\",\"@id\":\"https:\/\/aliis-formation.com\/#organization\",\"name\":\"ALiiS formation\",\"url\":\"https:\/\/aliis-formation.com\/\",\"logo\":{\"@type\":\"ImageObject\",\"inLanguage\":\"fr-FR\",\"@id\":\"https:\/\/aliis-formation.com\/#\/schema\/logo\/image\/\",\"url\":\"https:\/\/aliis-formation.com\/wp-content\/uploads\/2023\/12\/LOGO-PORTRAIT-COULEUR-FOND-TRANSPARENT.svg\",\"contentUrl\":\"https:\/\/aliis-formation.com\/wp-content\/uploads\/2023\/12\/LOGO-PORTRAIT-COULEUR-FOND-TRANSPARENT.svg\",\"width\":4251,\"height\":1241,\"caption\":\"ALiiS formation\"},\"image\":{\"@id\":\"https:\/\/aliis-formation.com\/#\/schema\/logo\/image\/\"}}]}<\/script>\n<!-- \/ Yoast SEO plugin. -->","yoast_head_json":{"title":"Formation Gestes et Postures - Pr\u00e9vention des TMS","description":"ALiiS vous accompagne et forme vos salari\u00e9s aux gestes simples qui permettent de limiter les risques d'incendie","robots":{"index":"index","follow":"follow","max-snippet":"max-snippet:-1","max-image-preview":"max-image-preview:large","max-video-preview":"max-video-preview:-1"},"canonical":"https:\/\/aliis-formation.com\/index.php\/gestes-et-postures-prevention-des-tms\/","og_locale":"fr_FR","og_type":"article","og_title":"Formation Gestes et Postures - Pr\u00e9vention des TMS","og_description":"ALiiS vous accompagne et forme vos salari\u00e9s aux gestes simples qui permettent de limiter les risques d'incendie","og_url":"https:\/\/aliis-formation.com\/index.php\/gestes-et-postures-prevention-des-tms\/","og_site_name":"ALiiS formation","article_modified_time":"2024-07-10T14:27:34+00:00","og_image":[{"url":"https:\/\/aliis-formation.com\/wp-content\/uploads\/2024\/07\/Firefly-un-homme-qui-a-mal-au-dos-sur-un-chantier-25252-1024x796.jpg"}],"twitter_card":"summary_large_image","twitter_misc":{"Dur\u00e9e de lecture estim\u00e9e":"3 minutes"},"schema":{"@context":"https:\/\/schema.org","@graph":[{"@type":"WebPage","@id":"https:\/\/aliis-formation.com\/index.php\/gestes-et-postures-prevention-des-tms\/","url":"https:\/\/aliis-formation.com\/index.php\/gestes-et-postures-prevention-des-tms\/","name":"Formation Gestes et Postures - Pr\u00e9vention des TMS","isPartOf":{"@id":"https:\/\/aliis-formation.com\/#website"},"primaryImageOfPage":{"@id":"https:\/\/aliis-formation.com\/index.php\/gestes-et-postures-prevention-des-tms\/#primaryimage"},"image":{"@id":"https:\/\/aliis-formation.com\/index.php\/gestes-et-postures-prevention-des-tms\/#primaryimage"},"thumbnailUrl":"https:\/\/aliis-formation.com\/wp-content\/uploads\/2024\/07\/Firefly-un-homme-qui-a-mal-au-dos-sur-un-chantier-25252-1024x796.jpg","datePublished":"2024-07-10T13:58:49+00:00","dateModified":"2024-07-10T14:27:34+00:00","description":"ALiiS vous accompagne et forme vos salari\u00e9s aux gestes simples qui permettent de limiter les risques d'incendie","breadcrumb":{"@id":"https:\/\/aliis-formation.com\/index.php\/gestes-et-postures-prevention-des-tms\/#breadcrumb"},"inLanguage":"fr-FR","potentialAction":[{"@type":"ReadAction","target":["https:\/\/aliis-formation.com\/index.php\/gestes-et-postures-prevention-des-tms\/"]}]},{"@type":"ImageObject","inLanguage":"fr-FR","@id":"https:\/\/aliis-formation.com\/index.php\/gestes-et-postures-prevention-des-tms\/#primaryimage","url":"https:\/\/aliis-formation.com\/wp-content\/uploads\/2024\/07\/Firefly-un-homme-qui-a-mal-au-dos-sur-un-chantier-25252.jpg","contentUrl":"https:\/\/aliis-formation.com\/wp-content\/uploads\/2024\/07\/Firefly-un-homme-qui-a-mal-au-dos-sur-un-chantier-25252.jpg","width":2304,"height":1792},{"@type":"BreadcrumbList","@id":"https:\/\/aliis-formation.com\/index.php\/gestes-et-postures-prevention-des-tms\/#breadcrumb","itemListElement":[{"@type":"ListItem","position":1,"name":"Accueil","item":"https:\/\/aliis-formation.com\/"},{"@type":"ListItem","position":2,"name":"Formation Gestes et Postures &#8211; Pr\u00e9vention des TMS"}]},{"@type":"WebSite","@id":"https:\/\/aliis-formation.com\/#website","url":"https:\/\/aliis-formation.com\/","name":"ALiiS formation","description":"","publisher":{"@id":"https:\/\/aliis-formation.com\/#organization"},"potentialAction":[{"@type":"SearchAction","target":{"@type":"EntryPoint","urlTemplate":"https:\/\/aliis-formation.com\/?s={search_term_string}"},"query-input":"required name=search_term_string"}],"inLanguage":"fr-FR"},{"@type":"Organization","@id":"https:\/\/aliis-formation.com\/#organization","name":"ALiiS formation","url":"https:\/\/aliis-formation.com\/","logo":{"@type":"ImageObject","inLanguage":"fr-FR","@id":"https:\/\/aliis-formation.com\/#\/schema\/logo\/image\/","url":"https:\/\/aliis-formation.com\/wp-content\/uploads\/2023\/12\/LOGO-PORTRAIT-COULEUR-FOND-TRANSPARENT.svg","contentUrl":"https:\/\/aliis-formation.com\/wp-content\/uploads\/2023\/12\/LOGO-PORTRAIT-COULEUR-FOND-TRANSPARENT.svg","width":4251,"height":1241,"caption":"ALiiS formation"},"image":{"@id":"https:\/\/aliis-formation.com\/#\/schema\/logo\/image\/"}}]}},"_links":{"self":[{"href":"https:\/\/aliis-formation.com\/index.php\/wp-json\/wp\/v2\/pages\/1688","targetHints":{"allow":["GET"]}}],"collection":[{"href":"https:\/\/aliis-formation.com\/index.php\/wp-json\/wp\/v2\/pages"}],"about":[{"href":"https:\/\/aliis-formation.com\/index.php\/wp-json\/wp\/v2\/types\/page"}],"author":[{"embeddable":true,"href":"https:\/\/aliis-formation.com\/index.php\/wp-json\/wp\/v2\/users\/2"}],"replies":[{"embeddable":true,"href":"https:\/\/aliis-formation.com\/index.php\/wp-json\/wp\/v2\/comments?post=1688"}],"version-history":[{"count":12,"href":"https:\/\/aliis-formation.com\/index.php\/wp-json\/wp\/v2\/pages\/1688\/revisions"}],"predecessor-version":[{"id":1701,"href":"https:\/\/aliis-formation.com\/index.php\/wp-json\/wp\/v2\/pages\/1688\/revisions\/1701"}],"wp:attachment":[{"href":"https:\/\/aliis-formation.com\/index.php\/wp-json\/wp\/v2\/media?parent=1688"}],"curies":[{"name":"wp","href":"https:\/\/api.w.org\/{rel}","templated":true}]}}